{"id":3886,"date":"2025-12-29T18:49:31","date_gmt":"2025-12-29T18:49:31","guid":{"rendered":"https:\/\/3solutions.pt\/?page_id=3886"},"modified":"2025-12-29T21:59:46","modified_gmt":"2025-12-29T21:59:46","slug":"imagem-integral-e-estrategia-digital","status":"publish","type":"page","link":"https:\/\/3solutions.pt\/en\/imagem-integral-e-estrategia-digital\/","title":{"rendered":"Imagem Integral e Estrat\u00e9gia Digital"},"content":{"rendered":"<div data-elementor-type=\"wp-page\" data-elementor-id=\"3886\" class=\"elementor elementor-3886\">\n\t\t\t\t<div class=\"elementor-element elementor-element-5e723596 e-flex e-con-boxed e-con e-parent\" data-id=\"5e723596\" data-element_type=\"container\" data-e-type=\"container\" data-settings=\"{&quot;background_background&quot;:&quot;classic&quot;}\">\n\t\t\t\t\t<div class=\"e-con-inner\">\n\t\t<div class=\"elementor-element elementor-element-28870dc6 e-con-full e-flex e-con e-child\" data-id=\"28870dc6\" data-element_type=\"container\" data-e-type=\"container\">\n\t\t\t\t<div class=\"elementor-element elementor-element-4a478b05 elementor-widget elementor-widget-heading\" data-id=\"4a478b05\" data-element_type=\"widget\" data-e-type=\"widget\" data-widget_type=\"heading.default\">\n\t\t\t\t<div class=\"elementor-widget-container\">\n\t\t\t\t\t<h1 class=\"elementor-heading-title elementor-size-default\">Imagem Integral e Estrat\u00e9gia Digital<\/h1>\t\t\t\t<\/div>\n\t\t\t\t<\/div>\n\t\t\t\t<\/div>\n\t\t\t\t\t<\/div>\n\t\t\t\t<\/div>\n\t\t<div class=\"elementor-element elementor-element-7aa4ac7f e-flex e-con-boxed e-con e-parent\" data-id=\"7aa4ac7f\" data-element_type=\"container\" data-e-type=\"container\" data-settings=\"{&quot;background_background&quot;:&quot;classic&quot;}\">\n\t\t\t\t\t<div class=\"e-con-inner\">\n\t\t<div class=\"elementor-element elementor-element-76d2bca e-con-full e-flex e-con e-child\" data-id=\"76d2bca\" data-element_type=\"container\" data-e-type=\"container\">\n\t\t<div class=\"elementor-element elementor-element-6a79ca37 e-flex e-con-boxed e-con e-child\" data-id=\"6a79ca37\" data-element_type=\"container\" data-e-type=\"container\">\n\t\t\t\t\t<div class=\"e-con-inner\">\n\t\t<div class=\"elementor-element elementor-element-7d23644f e-con-full e-flex e-con e-child\" data-id=\"7d23644f\" data-element_type=\"container\" data-e-type=\"container\">\n\t\t\t\t<div class=\"elementor-element elementor-element-73d7fb65 elementor-widget elementor-widget-button\" data-id=\"73d7fb65\" data-element_type=\"widget\" data-e-type=\"widget\" data-widget_type=\"button.default\">\n\t\t\t\t<div class=\"elementor-widget-container\">\n\t\t\t\t\t\t\t\t\t<div class=\"elementor-button-wrapper\">\n\t\t\t\t\t<a class=\"elementor-button elementor-button-link elementor-size-sm\" href=\"https:\/\/3solutions.pt\/en\/agendar-um-diagnostico-gratuito-de-consultoria-em-gestao-e-marketing\/\">\n\t\t\t\t\t\t<span class=\"elementor-button-content-wrapper\">\n\t\t\t\t\t\t\t\t\t<span class=\"elementor-button-text\">Book a Free Diagnostic<\/span>\n\t\t\t\t\t<\/span>\n\t\t\t\t\t<\/a>\n\t\t\t\t<\/div>\n\t\t\t\t\t\t\t\t<\/div>\n\t\t\t\t<\/div>\n\t\t\t\t<div class=\"elementor-element elementor-element-29d543fa elementor-widget elementor-widget-heading\" data-id=\"29d543fa\" data-element_type=\"widget\" data-e-type=\"widget\" data-widget_type=\"heading.default\">\n\t\t\t\t<div class=\"elementor-widget-container\">\n\t\t\t\t\t<h2 class=\"elementor-heading-title elementor-size-default\">Do estilo pessoal \u00e0 presen\u00e7a online, a sua imagem comunica antes mesmo de dizer uma palavra<\/h2>\t\t\t\t<\/div>\n\t\t\t\t<\/div>\n\t\t\t\t<\/div>\n\t\t<div class=\"elementor-element elementor-element-543faeac e-con-full e-flex e-con e-child\" data-id=\"543faeac\" data-element_type=\"container\" data-e-type=\"container\">\n\t\t\t\t<div class=\"elementor-element elementor-element-418898a6 elementor-widget__width-initial elementor-widget elementor-widget-image\" data-id=\"418898a6\" data-element_type=\"widget\" data-e-type=\"widget\" data-widget_type=\"image.default\">\n\t\t\t\t<div class=\"elementor-widget-container\">\n\t\t\t\t\t\t\t\t\t\t\t\t\t\t\t<img fetchpriority=\"high\" decoding=\"async\" width=\"898\" height=\"598\" src=\"https:\/\/3solutions.pt\/wp-content\/uploads\/2025\/12\/retail-round-sell-tal-trust-advising-loyalty.jpg\" class=\"attachment-full size-full wp-image-2700\" alt=\"formacao no retalho-e-vendas e desenvolvimento de profissionais\" srcset=\"https:\/\/3solutions.pt\/wp-content\/uploads\/2025\/12\/retail-round-sell-tal-trust-advising-loyalty.jpg 898w, https:\/\/3solutions.pt\/wp-content\/uploads\/2025\/12\/retail-round-sell-tal-trust-advising-loyalty-300x200.jpg 300w, https:\/\/3solutions.pt\/wp-content\/uploads\/2025\/12\/retail-round-sell-tal-trust-advising-loyalty-768x511.jpg 768w, https:\/\/3solutions.pt\/wp-content\/uploads\/2025\/12\/retail-round-sell-tal-trust-advising-loyalty-18x12.jpg 18w\" sizes=\"(max-width: 898px) 100vw, 898px\" \/>\t\t\t\t\t\t\t\t\t\t\t\t\t\t\t<\/div>\n\t\t\t\t<\/div>\n\t\t\t\t<\/div>\n\t\t\t\t\t<\/div>\n\t\t\t\t<\/div>\n\t\t\t\t<div class=\"elementor-element elementor-element-15c410 elementor-widget elementor-widget-text-editor\" data-id=\"15c410\" data-element_type=\"widget\" data-e-type=\"widget\" data-widget_type=\"text-editor.default\">\n\t\t\t\t<div class=\"elementor-widget-container\">\n\t\t\t\t\t\t\t\t\t<p>No C\u2019alma Viva, acreditamos que a imagem \u00e9 um sistema integrado. N\u00e3o se trata apenas de escolher roupas bonitas ou cores que gosta, mas de criar uma <strong data-start=\"715\" data-end=\"737\">presen\u00e7a aut\u00eantica<\/strong> que reflete quem\u00a0 realmente \u00e9, refor\u00e7a a sua confian\u00e7a e comunica o seu valor. A forma como se apresenta, a cor que usa e a sua presen\u00e7a digital trabalham juntas para construir uma narrativa clara e poderosa.<\/p>\t\t\t\t\t\t\t\t<\/div>\n\t\t\t\t<\/div>\n\t\t\t\t<div class=\"elementor-element elementor-element-44f86da0 elementor-widget elementor-widget-button\" data-id=\"44f86da0\" data-element_type=\"widget\" data-e-type=\"widget\" data-widget_type=\"button.default\">\n\t\t\t\t<div class=\"elementor-widget-container\">\n\t\t\t\t\t\t\t\t\t<div class=\"elementor-button-wrapper\">\n\t\t\t\t\t<a class=\"elementor-button elementor-button-link elementor-size-sm\" href=\"\">\n\t\t\t\t\t\t<span class=\"elementor-button-content-wrapper\">\n\t\t\t\t\t\t<span class=\"elementor-button-icon\">\n\t\t\t\t<i aria-hidden=\"true\" class=\"fab fa-whatsapp\"><\/i>\t\t\t<\/span>\n\t\t\t\t\t\t\t\t\t<span class=\"elementor-button-text\">Learn More<\/span>\n\t\t\t\t\t<\/span>\n\t\t\t\t\t<\/a>\n\t\t\t\t<\/div>\n\t\t\t\t\t\t\t\t<\/div>\n\t\t\t\t<\/div>\n\t\t\t\t<div class=\"elementor-element elementor-element-7f3c99d4 elementor-widget elementor-widget-heading\" data-id=\"7f3c99d4\" data-element_type=\"widget\" data-e-type=\"widget\" data-widget_type=\"heading.default\">\n\t\t\t\t<div class=\"elementor-widget-container\">\n\t\t\t\t\t<h6 class=\"elementor-heading-title elementor-size-default\">Sess\u00e3o de an\u00e1lise de estilo e cor.<\/h6>\t\t\t\t<\/div>\n\t\t\t\t<\/div>\n\t\t<div class=\"elementor-element elementor-element-84bff4f e-flex e-con-boxed e-con e-child\" data-id=\"84bff4f\" data-element_type=\"container\" data-e-type=\"container\">\n\t\t\t\t\t<div class=\"e-con-inner\">\n\t\t<div class=\"elementor-element elementor-element-10d127ad e-con-full e-flex e-con e-child\" data-id=\"10d127ad\" data-element_type=\"container\" data-e-type=\"container\">\n\t\t\t\t<div class=\"elementor-element elementor-element-7ca1e963 elementor-widget elementor-widget-image\" data-id=\"7ca1e963\" data-element_type=\"widget\" data-e-type=\"widget\" data-widget_type=\"image.default\">\n\t\t\t\t<div class=\"elementor-widget-container\">\n\t\t\t\t\t\t\t\t\t\t\t\t\t\t\t<img decoding=\"async\" width=\"800\" height=\"800\" src=\"https:\/\/3solutions.pt\/wp-content\/uploads\/2025\/12\/coloracao.jpeg\" class=\"attachment-full size-full wp-image-3924\" alt=\"\" srcset=\"https:\/\/3solutions.pt\/wp-content\/uploads\/2025\/12\/coloracao.jpeg 800w, https:\/\/3solutions.pt\/wp-content\/uploads\/2025\/12\/coloracao-300x300.jpeg 300w, https:\/\/3solutions.pt\/wp-content\/uploads\/2025\/12\/coloracao-150x150.jpeg 150w, https:\/\/3solutions.pt\/wp-content\/uploads\/2025\/12\/coloracao-768x768.jpeg 768w, https:\/\/3solutions.pt\/wp-content\/uploads\/2025\/12\/coloracao-12x12.jpeg 12w\" sizes=\"(max-width: 800px) 100vw, 800px\" \/>\t\t\t\t\t\t\t\t\t\t\t\t\t\t\t<\/div>\n\t\t\t\t<\/div>\n\t\t\t\t<\/div>\n\t\t<div class=\"elementor-element elementor-element-2d1191ee e-con-full e-flex e-con e-child\" data-id=\"2d1191ee\" data-element_type=\"container\" data-e-type=\"container\">\n\t\t\t\t<div class=\"elementor-element elementor-element-2e60bce7 elementor-view-default elementor-widget elementor-widget-icon\" data-id=\"2e60bce7\" data-element_type=\"widget\" data-e-type=\"widget\" data-widget_type=\"icon.default\">\n\t\t\t\t<div class=\"elementor-widget-container\">\n\t\t\t\t\t\t\t<div class=\"elementor-icon-wrapper\">\n\t\t\t<div class=\"elementor-icon\">\n\t\t\t<i aria-hidden=\"true\" class=\"fas fa-quote-right\"><\/i>\t\t\t<\/div>\n\t\t<\/div>\n\t\t\t\t\t\t<\/div>\n\t\t\t\t<\/div>\n\t\t\t\t<div class=\"elementor-element elementor-element-6055b9a8 elementor-widget elementor-widget-heading\" data-id=\"6055b9a8\" data-element_type=\"widget\" data-e-type=\"widget\" data-widget_type=\"heading.default\">\n\t\t\t\t<div class=\"elementor-widget-container\">\n\t\t\t\t\t<h4 class=\"elementor-heading-title elementor-size-default\">A an\u00e1lise de cor estrat\u00e9gica \u00e9 uma ferramenta inovadora que vai muito al\u00e9m da est\u00e9tica: identifica as tonalidades que melhor comunicam a sua energia, refor\u00e7am autoridade ou suavizam a presen\u00e7a, adaptando o m\u00e9todo sazonal expandido ao seu perfil pessoal. Cada cor escolhida conta uma hist\u00f3ria e cria impacto imediato, potenciando confian\u00e7a e presen\u00e7a.<\/h4>\t\t\t\t<\/div>\n\t\t\t\t<\/div>\n\t\t\t\t<\/div>\n\t\t\t\t\t<\/div>\n\t\t\t\t<\/div>\n\t\t\t\t<\/div>\n\t\t\t\t\t<\/div>\n\t\t\t\t<\/div>\n\t\t<div class=\"elementor-element elementor-element-5c960b1a e-flex e-con-boxed e-con e-parent\" data-id=\"5c960b1a\" data-element_type=\"container\" data-e-type=\"container\" data-settings=\"{&quot;background_background&quot;:&quot;gradient&quot;}\">\n\t\t\t\t\t<div class=\"e-con-inner\">\n\t\t<div class=\"elementor-element elementor-element-6e46a187 e-con-full e-flex e-con e-child\" data-id=\"6e46a187\" data-element_type=\"container\" data-e-type=\"container\" data-settings=\"{&quot;background_background&quot;:&quot;classic&quot;}\">\n\t\t\t\t<div class=\"elementor-element elementor-element-34b60584 elementor-widget elementor-widget-heading\" data-id=\"34b60584\" data-element_type=\"widget\" data-e-type=\"widget\" data-widget_type=\"heading.default\">\n\t\t\t\t<div class=\"elementor-widget-container\">\n\t\t\t\t\t<h3 class=\"elementor-heading-title elementor-size-default\">titulo<\/h3>\t\t\t\t<\/div>\n\t\t\t\t<\/div>\n\t\t\t\t<\/div>\n\t\t\t\t\t<\/div>\n\t\t\t\t<\/div>\n\t\t<div class=\"elementor-element elementor-element-875e134 e-flex e-con-boxed e-con e-parent\" data-id=\"875e134\" data-element_type=\"container\" data-e-type=\"container\">\n\t\t\t\t\t<div class=\"e-con-inner\">\n\t\t\t\t<div class=\"elementor-element elementor-element-704dd92 elementor-align-center elementor-widget elementor-widget-button\" data-id=\"704dd92\" data-element_type=\"widget\" data-e-type=\"widget\" data-widget_type=\"button.default\">\n\t\t\t\t<div class=\"elementor-widget-container\">\n\t\t\t\t\t\t\t\t\t<div class=\"elementor-button-wrapper\">\n\t\t\t\t\t<a class=\"elementor-button elementor-button-link elementor-size-sm\" href=\"\">\n\t\t\t\t\t\t<span class=\"elementor-button-content-wrapper\">\n\t\t\t\t\t\t<span class=\"elementor-button-icon\">\n\t\t\t\t<i aria-hidden=\"true\" class=\"fab fa-whatsapp\"><\/i>\t\t\t<\/span>\n\t\t\t\t\t\t\t\t\t<span class=\"elementor-button-text\">Find Out Now<\/span>\n\t\t\t\t\t<\/span>\n\t\t\t\t\t<\/a>\n\t\t\t\t<\/div>\n\t\t\t\t\t\t\t\t<\/div>\n\t\t\t\t<\/div>\n\t\t\t\t\t<\/div>\n\t\t\t\t<\/div>\n\t\t<div class=\"elementor-element elementor-element-ae200e6 e-flex e-con-boxed e-con e-parent\" data-id=\"ae200e6\" data-element_type=\"container\" data-e-type=\"container\" data-settings=\"{&quot;background_background&quot;:&quot;classic&quot;}\">\n\t\t\t\t\t<div class=\"e-con-inner\">\n\t\t<div class=\"elementor-element elementor-element-1f12e3d3 e-con-full e-flex e-con e-child\" data-id=\"1f12e3d3\" data-element_type=\"container\" data-e-type=\"container\">\n\t\t<div class=\"elementor-element elementor-element-1bffca3a e-flex e-con-boxed e-con e-child\" data-id=\"1bffca3a\" data-element_type=\"container\" data-e-type=\"container\">\n\t\t\t\t\t<div class=\"e-con-inner\">\n\t\t<div class=\"elementor-element elementor-element-65fe4528 e-con-full e-flex e-con e-child\" data-id=\"65fe4528\" data-element_type=\"container\" data-e-type=\"container\">\n\t\t\t\t<div class=\"elementor-element elementor-element-69ba1877 elementor-widget elementor-widget-heading\" data-id=\"69ba1877\" data-element_type=\"widget\" data-e-type=\"widget\" data-widget_type=\"heading.default\">\n\t\t\t\t<div class=\"elementor-widget-container\">\n\t\t\t\t\t<h3 class=\"elementor-heading-title elementor-size-default\">A presen\u00e7a digital \u00e9 hoje t\u00e3o importante quanto a f\u00edsica. O curso \u201cIniciante a Expert em Redes Sociais\u201d ajuda a criar conte\u00fado estrat\u00e9gico, comunicar com inten\u00e7\u00e3o e usar ferramentas digitais para transformar a sua imagem online num verdadeiro ativo.<\/h3>\t\t\t\t<\/div>\n\t\t\t\t<\/div>\n\t\t\t\t<\/div>\n\t\t<div class=\"elementor-element elementor-element-4cb8ee6e e-con-full e-flex e-con e-child\" data-id=\"4cb8ee6e\" data-element_type=\"container\" data-e-type=\"container\">\n\t\t\t\t<div class=\"elementor-element elementor-element-569c0a65 elementor-align-right elementor-widget elementor-widget-button\" data-id=\"569c0a65\" data-element_type=\"widget\" data-e-type=\"widget\" data-widget_type=\"button.default\">\n\t\t\t\t<div class=\"elementor-widget-container\">\n\t\t\t\t\t\t\t\t\t<div class=\"elementor-button-wrapper\">\n\t\t\t\t\t<a class=\"elementor-button elementor-button-link elementor-size-sm\" href=\"https:\/\/3solutions.pt\/en\/agendar-um-diagnostico-gratuito-de-consultoria-em-gestao-e-marketing\/\">\n\t\t\t\t\t\t<span class=\"elementor-button-content-wrapper\">\n\t\t\t\t\t\t\t\t\t<span class=\"elementor-button-text\">Book a Free Diagnostic<\/span>\n\t\t\t\t\t<\/span>\n\t\t\t\t\t<\/a>\n\t\t\t\t<\/div>\n\t\t\t\t\t\t\t\t<\/div>\n\t\t\t\t<\/div>\n\t\t\t\t<\/div>\n\t\t\t\t\t<\/div>\n\t\t\t\t<\/div>\n\t\t<div class=\"elementor-element elementor-element-966489f e-flex e-con-boxed e-con e-child\" data-id=\"966489f\" data-element_type=\"container\" data-e-type=\"container\">\n\t\t\t\t\t<div class=\"e-con-inner\">\n\t\t<div class=\"elementor-element elementor-element-46015c44 e-con-full e-flex e-con e-child\" data-id=\"46015c44\" data-element_type=\"container\" data-e-type=\"container\">\n\t\t\t\t<div class=\"elementor-element elementor-element-27fa15a9 elementor-widget elementor-widget-heading\" data-id=\"27fa15a9\" data-element_type=\"widget\" data-e-type=\"widget\" data-widget_type=\"heading.default\">\n\t\t\t\t<div class=\"elementor-widget-container\">\n\t\t\t\t\t<h6 class=\"elementor-heading-title elementor-size-default\">01.<\/h6>\t\t\t\t<\/div>\n\t\t\t\t<\/div>\n\t\t\t\t<div class=\"elementor-element elementor-element-6df37295 elementor-widget elementor-widget-heading\" data-id=\"6df37295\" data-element_type=\"widget\" data-e-type=\"widget\" data-widget_type=\"heading.default\">\n\t\t\t\t<div class=\"elementor-widget-container\">\n\t\t\t\t\t<h4 class=\"elementor-heading-title elementor-size-default\">Estilo pessoal aut\u00eantico<\/h4>\t\t\t\t<\/div>\n\t\t\t\t<\/div>\n\t\t\t\t<div class=\"elementor-element elementor-element-2c5a8aba elementor-widget elementor-widget-text-editor\" data-id=\"2c5a8aba\" data-element_type=\"widget\" data-e-type=\"widget\" data-widget_type=\"text-editor.default\">\n\t\t\t\t<div class=\"elementor-widget-container\">\n\t\t\t\t\t\t\t\t\t<p data-start=\"235\" data-end=\"480\">O estilo pessoal \u00e9 a primeira forma de comunica\u00e7\u00e3o da sua autenticidade. No C\u2019alma Viva, ajudamos cada mulher a descobrir e expressar um estilo que seja <strong data-start=\"388\" data-end=\"429\">verdadeiro, confort\u00e1vel e estrat\u00e9gico<\/strong>, refletindo a sua ess\u00eancia, valores e objetivos.<\/p><p data-start=\"482\" data-end=\"795\">Atrav\u00e9s de uma abordagem individualizada, analisamos propor\u00e7\u00f5es, silhuetas, texturas e combina\u00e7\u00f5es que valorizam a sua imagem, tornando-a <strong data-start=\"620\" data-end=\"665\">uma extens\u00e3o natural da sua personalidade<\/strong>. Mais do que vestir-se bem, o objetivo \u00e9 sentir-se confiante e segura, transmitindo autoridade e presen\u00e7a em qualquer contexto.<\/p><p data-start=\"797\" data-end=\"1068\">Este trabalho n\u00e3o segue f\u00f3rmulas r\u00edgidas ou tend\u00eancias passageiras. Cada escolha \u00e9 feita para <strong data-start=\"891\" data-end=\"920\">potenciar a autenticidade<\/strong>, permitindo que o estilo pessoal comunique clareza, seguran\u00e7a e coer\u00eancia, seja em reuni\u00f5es profissionais, eventos sociais ou na vida quotidiana.<\/p><p data-start=\"1070\" data-end=\"1112\"><strong data-start=\"1070\" data-end=\"1110\">Pilares do estilo pessoal aut\u00eantico:<\/strong><\/p><ol data-start=\"1113\" data-end=\"1445\"><li data-start=\"1113\" data-end=\"1146\"><p data-start=\"1116\" data-end=\"1146\">Descobrir a pr\u00f3pria ess\u00eancia<\/p><\/li><li data-start=\"1147\" data-end=\"1184\"><p data-start=\"1150\" data-end=\"1184\">Valorizar propor\u00e7\u00f5es e silhuetas<\/p><\/li><li data-start=\"1185\" data-end=\"1233\"><p data-start=\"1188\" data-end=\"1233\">Escolher texturas e materiais que comunicam<\/p><\/li><li data-start=\"1234\" data-end=\"1275\"><p data-start=\"1237\" data-end=\"1275\">Combinar roupas de forma estrat\u00e9gica<\/p><\/li><li data-start=\"1276\" data-end=\"1318\"><p data-start=\"1279\" data-end=\"1318\">Transmitir credibilidade e autoridade<\/p><\/li><li data-start=\"1319\" data-end=\"1357\"><p data-start=\"1322\" data-end=\"1357\">Garantir conforto e autenticidade<\/p><\/li><li data-start=\"1358\" data-end=\"1396\"><p data-start=\"1361\" data-end=\"1396\">Adaptar-se a diferentes contextos<\/p><\/li><li data-start=\"1397\" data-end=\"1445\"><p data-start=\"1400\" data-end=\"1445\">Criar base s\u00f3lida para presen\u00e7a e lideran\u00e7a<\/p><\/li><\/ol>\t\t\t\t\t\t\t\t<\/div>\n\t\t\t\t<\/div>\n\t\t\t\t<\/div>\n\t\t<div class=\"elementor-element elementor-element-1db0c2c8 e-con-full e-flex e-con e-child\" data-id=\"1db0c2c8\" data-element_type=\"container\" data-e-type=\"container\">\n\t\t\t\t<div class=\"elementor-element elementor-element-4af5dd41 elementor-widget elementor-widget-heading\" data-id=\"4af5dd41\" data-element_type=\"widget\" data-e-type=\"widget\" data-widget_type=\"heading.default\">\n\t\t\t\t<div class=\"elementor-widget-container\">\n\t\t\t\t\t<h6 class=\"elementor-heading-title elementor-size-default\">02.<\/h6>\t\t\t\t<\/div>\n\t\t\t\t<\/div>\n\t\t\t\t<div class=\"elementor-element elementor-element-1f6963fd elementor-widget elementor-widget-heading\" data-id=\"1f6963fd\" data-element_type=\"widget\" data-e-type=\"widget\" data-widget_type=\"heading.default\">\n\t\t\t\t<div class=\"elementor-widget-container\">\n\t\t\t\t\t<h4 class=\"elementor-heading-title elementor-size-default\">An\u00e1lise de cor estrat\u00e9gica adaptada<\/h4>\t\t\t\t<\/div>\n\t\t\t\t<\/div>\n\t\t\t\t<div class=\"elementor-element elementor-element-1561fa8 elementor-widget elementor-widget-text-editor\" data-id=\"1561fa8\" data-element_type=\"widget\" data-e-type=\"widget\" data-widget_type=\"text-editor.default\">\n\t\t\t\t<div class=\"elementor-widget-container\">\n\t\t\t\t\t\t\t\t\t<p data-start=\"236\" data-end=\"551\">A cor \u00e9 uma das formas mais poderosas de comunica\u00e7\u00e3o n\u00e3o verbal. No C\u2019alma Viva, a <strong data-start=\"319\" data-end=\"349\">an\u00e1lise de cor estrat\u00e9gica<\/strong> vai al\u00e9m do que est\u00e1 na moda ou do que \u00e9 esteticamente bonito: escolhemos cores que <strong data-start=\"434\" data-end=\"508\">potenciam a sua energia, refor\u00e7am autoridade e comunicam autenticidade<\/strong>, sempre adaptadas ao seu perfil pessoal.<\/p><p data-start=\"553\" data-end=\"969\">Utilizamos o <strong data-start=\"566\" data-end=\"594\">m\u00e9todo sazonal expandido<\/strong>, adaptado individualmente a cada mulher. Isto significa que, em vez de aplicar uma regra fixa, analisamos <strong data-start=\"701\" data-end=\"728\">tons, subtons e nuances<\/strong> que funcionam especificamente para voc\u00ea, considerando estilo, personalidade e objetivos profissionais. O resultado \u00e9 uma paleta de cores que n\u00e3o s\u00f3 valoriza o seu rosto e corpo, mas tamb\u00e9m refor\u00e7a a forma como quer ser percebida no mundo.<\/p><p data-start=\"971\" data-end=\"1189\">A an\u00e1lise de cor estrat\u00e9gica torna-se assim uma <strong data-start=\"1019\" data-end=\"1060\">ferramenta de comunica\u00e7\u00e3o e confian\u00e7a<\/strong>, permitindo que cada escolha de roupa, acess\u00f3rio ou detalhe visual seja pensada para refletir verdade, maturidade e prop\u00f3sito.<\/p><p data-start=\"1191\" data-end=\"1244\"><strong data-start=\"1191\" data-end=\"1242\">Pilares da An\u00e1lise de Cor Estrat\u00e9gica Adaptada:<\/strong><\/p><ol data-start=\"1245\" data-end=\"1640\"><li data-start=\"1245\" data-end=\"1299\"><p data-start=\"1248\" data-end=\"1299\">Descobrir tonalidades que valorizam a sua energia<\/p><\/li><li data-start=\"1300\" data-end=\"1335\"><p data-start=\"1303\" data-end=\"1335\">Refor\u00e7ar autoridade e presen\u00e7a<\/p><\/li><li data-start=\"1336\" data-end=\"1382\"><p data-start=\"1339\" data-end=\"1382\">Comunicar autenticidade de forma imediata<\/p><\/li><li data-start=\"1383\" data-end=\"1431\"><p data-start=\"1386\" data-end=\"1431\">Aplicar o m\u00e9todo sazonal expandido adaptado<\/p><\/li><li data-start=\"1432\" data-end=\"1502\"><p data-start=\"1435\" data-end=\"1502\">Escolher cores que alinham com objetivos pessoais e profissionais<\/p><\/li><li data-start=\"1503\" data-end=\"1550\"><p data-start=\"1506\" data-end=\"1550\">Integrar cor com estilo e presen\u00e7a digital<\/p><\/li><li data-start=\"1551\" data-end=\"1588\"><p data-start=\"1554\" data-end=\"1588\">Potenciar confian\u00e7a e autoestima<\/p><\/li><li data-start=\"1589\" data-end=\"1640\"><p data-start=\"1592\" data-end=\"1640\">Criar coer\u00eancia entre imagem interna e externa<\/p><\/li><\/ol>\t\t\t\t\t\t\t\t<\/div>\n\t\t\t\t<\/div>\n\t\t\t\t<\/div>\n\t\t<div class=\"elementor-element elementor-element-134d12ab e-con-full e-flex e-con e-child\" data-id=\"134d12ab\" data-element_type=\"container\" data-e-type=\"container\">\n\t\t\t\t<div class=\"elementor-element elementor-element-4ce05efe elementor-widget elementor-widget-heading\" data-id=\"4ce05efe\" data-element_type=\"widget\" data-e-type=\"widget\" data-widget_type=\"heading.default\">\n\t\t\t\t<div class=\"elementor-widget-container\">\n\t\t\t\t\t<h6 class=\"elementor-heading-title elementor-size-default\">03.<\/h6>\t\t\t\t<\/div>\n\t\t\t\t<\/div>\n\t\t\t\t<div class=\"elementor-element elementor-element-251c1545 elementor-widget elementor-widget-heading\" data-id=\"251c1545\" data-element_type=\"widget\" data-e-type=\"widget\" data-widget_type=\"heading.default\">\n\t\t\t\t<div class=\"elementor-widget-container\">\n\t\t\t\t\t<h4 class=\"elementor-heading-title elementor-size-default\">Comunica\u00e7\u00e3o intencional<\/h4>\t\t\t\t<\/div>\n\t\t\t\t<\/div>\n\t\t\t\t<div class=\"elementor-element elementor-element-2617e030 elementor-widget elementor-widget-text-editor\" data-id=\"2617e030\" data-element_type=\"widget\" data-e-type=\"widget\" data-widget_type=\"text-editor.default\">\n\t\t\t\t<div class=\"elementor-widget-container\">\n\t\t\t\t\t\t\t\t\t<p data-start=\"204\" data-end=\"470\">No C\u2019alma Viva, acreditamos que <strong data-start=\"236\" data-end=\"309\">imagem, cor e estilo s\u00f3 t\u00eam efeito real quando comunicam com inten\u00e7\u00e3o<\/strong>. A comunica\u00e7\u00e3o intencional \u00e9 sobre escolher como se expressar de forma clara, consistente e alinhada com quem voc\u00ea \u00e9, tanto na vida pessoal como profissional.<\/p><p data-start=\"472\" data-end=\"855\">Trabalhamos com cada mulher para que cada gesto, palavra e decis\u00e3o visual seja <strong data-start=\"551\" data-end=\"594\">coerente com a sua mensagem e objetivos<\/strong>. Isso inclui desde a forma como se veste, como se apresenta em reuni\u00f5es, at\u00e9 \u00e0 forma como se comunica nas redes sociais. O objetivo \u00e9 que a sua imagem <strong data-start=\"746\" data-end=\"795\">transmita autenticidade, confian\u00e7a e presen\u00e7a<\/strong>, criando impacto natural e positivo em qualquer contexto.<\/p><p data-start=\"857\" data-end=\"1059\">Esta coluna conecta diretamente com o estilo pessoal, a an\u00e1lise de cor e a presen\u00e7a digital, formando um ecossistema de comunica\u00e7\u00e3o completo, onde cada detalhe refor\u00e7a a narrativa que quer transmitir.<\/p><p data-start=\"1061\" data-end=\"1102\"><strong data-start=\"1061\" data-end=\"1100\">Pilares da Comunica\u00e7\u00e3o Intencional:<\/strong><\/p><ol data-start=\"1103\" data-end=\"1489\"><li data-start=\"1103\" data-end=\"1177\"><p data-start=\"1106\" data-end=\"1177\">Alinhar estilo, cor e palavras com objetivos pessoais e profissionais<\/p><\/li><li data-start=\"1178\" data-end=\"1219\"><p data-start=\"1181\" data-end=\"1219\">Transmitir autenticidade e coer\u00eancia<\/p><\/li><li data-start=\"1220\" data-end=\"1270\"><p data-start=\"1223\" data-end=\"1270\">Criar impacto positivo em todas as intera\u00e7\u00f5es<\/p><\/li><li data-start=\"1271\" data-end=\"1316\"><p data-start=\"1274\" data-end=\"1316\">Conectar comunica\u00e7\u00e3o verbal e n\u00e3o verbal<\/p><\/li><li data-start=\"1317\" data-end=\"1359\"><p data-start=\"1320\" data-end=\"1359\">Desenvolver confian\u00e7a ao expressar-se<\/p><\/li><li data-start=\"1360\" data-end=\"1401\"><p data-start=\"1363\" data-end=\"1401\">Harmonizar presen\u00e7a digital e f\u00edsica<\/p><\/li><li data-start=\"1402\" data-end=\"1438\"><p data-start=\"1405\" data-end=\"1438\">Refor\u00e7ar lideran\u00e7a e autoridade<\/p><\/li><li data-start=\"1439\" data-end=\"1489\"><p data-start=\"1442\" data-end=\"1489\">Construir relacionamentos claros e influentes<\/p><\/li><\/ol>\t\t\t\t\t\t\t\t<\/div>\n\t\t\t\t<\/div>\n\t\t\t\t<\/div>\n\t\t<div class=\"elementor-element elementor-element-7e3d9c6e e-con-full e-flex e-con e-child\" data-id=\"7e3d9c6e\" data-element_type=\"container\" data-e-type=\"container\">\n\t\t\t\t<div class=\"elementor-element elementor-element-15d84099 elementor-widget elementor-widget-heading\" data-id=\"15d84099\" data-element_type=\"widget\" data-e-type=\"widget\" data-widget_type=\"heading.default\">\n\t\t\t\t<div class=\"elementor-widget-container\">\n\t\t\t\t\t<h6 class=\"elementor-heading-title elementor-size-default\">04.<\/h6>\t\t\t\t<\/div>\n\t\t\t\t<\/div>\n\t\t\t\t<div class=\"elementor-element elementor-element-4549f3df elementor-widget elementor-widget-heading\" data-id=\"4549f3df\" data-element_type=\"widget\" data-e-type=\"widget\" data-widget_type=\"heading.default\">\n\t\t\t\t<div class=\"elementor-widget-container\">\n\t\t\t\t\t<h4 class=\"elementor-heading-title elementor-size-default\">Confian\u00e7a e Seguran\u00e7a<\/h4>\t\t\t\t<\/div>\n\t\t\t\t<\/div>\n\t\t\t\t<div class=\"elementor-element elementor-element-fc3bbbc elementor-widget elementor-widget-text-editor\" data-id=\"fc3bbbc\" data-element_type=\"widget\" data-e-type=\"widget\" data-widget_type=\"text-editor.default\">\n\t\t\t\t<div class=\"elementor-widget-container\">\n\t\t\t\t\t\t\t\t\t<p data-start=\"175\" data-end=\"444\">A confian\u00e7a \u00e9 o reflexo de uma presen\u00e7a constru\u00edda com autenticidade, conhecimento e coer\u00eancia. No C\u2019alma Viva, ajudamos cada mulher a sentir-se segura na sua pr\u00f3pria pele e nas suas escolhas, criando uma base s\u00f3lida para todas as intera\u00e7\u00f5es pessoais e profissionais.<\/p><p data-start=\"446\" data-end=\"781\">Quando o estilo pessoal, a cor estrat\u00e9gica, a comunica\u00e7\u00e3o intencional e a presen\u00e7a digital est\u00e3o alinhados, surge uma <strong data-start=\"564\" data-end=\"585\">confian\u00e7a natural<\/strong> que se nota em cada gesto, palavra e decis\u00e3o. Esta seguran\u00e7a n\u00e3o \u00e9 apenas exterior, mas profundamente interna: a mulher sabe quem \u00e9, o que representa e como se posicionar com clareza e firmeza.<\/p><p data-start=\"783\" data-end=\"1002\">O trabalho nesta coluna inclui exerc\u00edcios de <strong data-start=\"828\" data-end=\"890\">reconhecimento de for\u00e7as, refor\u00e7o de autoestima e presen\u00e7a<\/strong>, para que cada a\u00e7\u00e3o se torne uma extens\u00e3o da sua confian\u00e7a, refletindo-se na imagem, lideran\u00e7a e comunica\u00e7\u00e3o.<\/p><p data-start=\"1004\" data-end=\"1043\"><strong data-start=\"1004\" data-end=\"1041\">Pilares da Confian\u00e7a e Seguran\u00e7a:<\/strong><\/p><ol data-start=\"1044\" data-end=\"1411\"><li data-start=\"1044\" data-end=\"1087\"><p data-start=\"1047\" data-end=\"1087\">Autoconhecimento e valoriza\u00e7\u00e3o pessoal<\/p><\/li><li data-start=\"1088\" data-end=\"1133\"><p data-start=\"1091\" data-end=\"1133\">Alinhamento de estilo, cor e comunica\u00e7\u00e3o<\/p><\/li><li data-start=\"1134\" data-end=\"1191\"><p data-start=\"1137\" data-end=\"1191\">Presen\u00e7a segura em contextos profissionais e sociais<\/p><\/li><li data-start=\"1192\" data-end=\"1233\"><p data-start=\"1195\" data-end=\"1233\">Desenvolvimento de lideran\u00e7a pessoal<\/p><\/li><li data-start=\"1234\" data-end=\"1279\"><p data-start=\"1237\" data-end=\"1279\">Capacidade de tomar decis\u00f5es com firmeza<\/p><\/li><li data-start=\"1280\" data-end=\"1328\"><p data-start=\"1283\" data-end=\"1328\">Gest\u00e3o de inseguran\u00e7as e bloqueios internos<\/p><\/li><li data-start=\"1329\" data-end=\"1364\"><p data-start=\"1332\" data-end=\"1364\">Express\u00e3o aut\u00eantica e coerente<\/p><\/li><li data-start=\"1365\" data-end=\"1411\"><p data-start=\"1368\" data-end=\"1411\">Refletir confian\u00e7a em todas as intera\u00e7\u00f5es<\/p><\/li><\/ol>\t\t\t\t\t\t\t\t<\/div>\n\t\t\t\t<\/div>\n\t\t\t\t<\/div>\n\t\t\t\t\t<\/div>\n\t\t\t\t<\/div>\n\t\t<div class=\"elementor-element elementor-element-439aaceb e-flex e-con-boxed e-con e-child\" data-id=\"439aaceb\" data-element_type=\"container\" data-e-type=\"container\">\n\t\t\t\t\t<div class=\"e-con-inner\">\n\t\t<div class=\"elementor-element elementor-element-79fe3667 e-con-full e-flex e-con e-child\" data-id=\"79fe3667\" data-element_type=\"container\" data-e-type=\"container\">\n\t\t\t\t<div class=\"elementor-element elementor-element-55896b18 elementor-widget elementor-widget-heading\" data-id=\"55896b18\" data-element_type=\"widget\" data-e-type=\"widget\" data-widget_type=\"heading.default\">\n\t\t\t\t<div class=\"elementor-widget-container\">\n\t\t\t\t\t<h6 class=\"elementor-heading-title elementor-size-default\">05.<\/h6>\t\t\t\t<\/div>\n\t\t\t\t<\/div>\n\t\t\t\t<div class=\"elementor-element elementor-element-6f3b0ddb elementor-widget elementor-widget-heading\" data-id=\"6f3b0ddb\" data-element_type=\"widget\" data-e-type=\"widget\" data-widget_type=\"heading.default\">\n\t\t\t\t<div class=\"elementor-widget-container\">\n\t\t\t\t\t<h4 class=\"elementor-heading-title elementor-size-default\">Lideran\u00e7a pessoal vis\u00edvel<\/h4>\t\t\t\t<\/div>\n\t\t\t\t<\/div>\n\t\t\t\t<div class=\"elementor-element elementor-element-373beaf4 elementor-widget elementor-widget-text-editor\" data-id=\"373beaf4\" data-element_type=\"widget\" data-e-type=\"widget\" data-widget_type=\"text-editor.default\">\n\t\t\t\t<div class=\"elementor-widget-container\">\n\t\t\t\t\t\t\t\t\t<p data-start=\"174\" data-end=\"476\">A lideran\u00e7a come\u00e7a dentro de si mesma. No C\u2019alma Viva, acreditamos que <strong data-start=\"245\" data-end=\"332\">uma mulher lidera primeiro a si pr\u00f3pria antes de liderar qualquer equipa ou projeto<\/strong>. Quando a presen\u00e7a, o estilo, a cor e a comunica\u00e7\u00e3o est\u00e3o alinhados, a lideran\u00e7a torna-se natural e vis\u00edvel, inspirando confian\u00e7a e respeito.<\/p><p data-start=\"478\" data-end=\"863\">Esta coluna ajuda cada mulher a perceber <strong data-start=\"519\" data-end=\"590\">como a sua imagem e comportamento impactam a forma como \u00e9 percebida<\/strong>, fortalecendo a sua autoridade e presen\u00e7a em contextos profissionais e pessoais. Trabalhamos para que cada gesto, cada escolha e cada palavra reflitam a sua autenticidade e prop\u00f3sito, tornando a lideran\u00e7a <strong data-start=\"796\" data-end=\"860\">uma extens\u00e3o da sua ess\u00eancia e n\u00e3o apenas uma fun\u00e7\u00e3o externa<\/strong>.<\/p><p data-start=\"865\" data-end=\"908\"><strong data-start=\"865\" data-end=\"906\">Pilares da Lideran\u00e7a Pessoal Vis\u00edvel:<\/strong><\/p><ol data-start=\"909\" data-end=\"1234\"><li data-start=\"909\" data-end=\"962\"><p data-start=\"912\" data-end=\"962\">Autolideran\u00e7a: conhecer-se e confiar em si mesma<\/p><\/li><li data-start=\"963\" data-end=\"1010\"><p data-start=\"966\" data-end=\"1010\">Alinhamento entre imagem, estilo e valores<\/p><\/li><li data-start=\"1011\" data-end=\"1042\"><p data-start=\"1014\" data-end=\"1042\">Presen\u00e7a marcante e segura<\/p><\/li><li data-start=\"1043\" data-end=\"1077\"><p data-start=\"1046\" data-end=\"1077\">Comunica\u00e7\u00e3o clara e assertiva<\/p><\/li><li data-start=\"1078\" data-end=\"1115\"><p data-start=\"1081\" data-end=\"1115\">Inspira\u00e7\u00e3o e influ\u00eancia positiva<\/p><\/li><li data-start=\"1116\" data-end=\"1149\"><p data-start=\"1119\" data-end=\"1149\">Tomada de decis\u00e3o consciente<\/p><\/li><li data-start=\"1150\" data-end=\"1183\"><p data-start=\"1153\" data-end=\"1183\">Gest\u00e3o de rela\u00e7\u00f5es e equipas<\/p><\/li><li data-start=\"1184\" data-end=\"1234\"><p data-start=\"1187\" data-end=\"1234\">Integra\u00e7\u00e3o de imagem e lideran\u00e7a no dia a dia<\/p><\/li><\/ol>\t\t\t\t\t\t\t\t<\/div>\n\t\t\t\t<\/div>\n\t\t\t\t<\/div>\n\t\t<div class=\"elementor-element elementor-element-2999dc0b e-con-full e-flex e-con e-child\" data-id=\"2999dc0b\" data-element_type=\"container\" data-e-type=\"container\">\n\t\t\t\t<div class=\"elementor-element elementor-element-50471b4a elementor-widget elementor-widget-heading\" data-id=\"50471b4a\" data-element_type=\"widget\" data-e-type=\"widget\" data-widget_type=\"heading.default\">\n\t\t\t\t<div class=\"elementor-widget-container\">\n\t\t\t\t\t<h6 class=\"elementor-heading-title elementor-size-default\">06.<\/h6>\t\t\t\t<\/div>\n\t\t\t\t<\/div>\n\t\t\t\t<div class=\"elementor-element elementor-element-33969688 elementor-widget elementor-widget-heading\" data-id=\"33969688\" data-element_type=\"widget\" data-e-type=\"widget\" data-widget_type=\"heading.default\">\n\t\t\t\t<div class=\"elementor-widget-container\">\n\t\t\t\t\t<h4 class=\"elementor-heading-title elementor-size-default\">Integra\u00e7\u00e3o corpo e mente<\/h4>\t\t\t\t<\/div>\n\t\t\t\t<\/div>\n\t\t\t\t<div class=\"elementor-element elementor-element-23e01442 elementor-widget elementor-widget-text-editor\" data-id=\"23e01442\" data-element_type=\"widget\" data-e-type=\"widget\" data-widget_type=\"text-editor.default\">\n\t\t\t\t<div class=\"elementor-widget-container\">\n\t\t\t\t\t\t\t\t\t<p data-start=\"172\" data-end=\"494\">A verdadeira presen\u00e7a come\u00e7a no interior. No C\u2019alma Viva, acreditamos que <strong data-start=\"246\" data-end=\"289\">o corpo e a mente trabalham em conjunto<\/strong> para sustentar uma imagem aut\u00eantica, forte e saud\u00e1vel. A energia, a postura, o bem-estar e a clareza mental s\u00e3o fundamentais para que a presen\u00e7a pessoal e profissional se torne consistente e impactante.<\/p><p data-start=\"496\" data-end=\"797\">Trabalhamos com <strong data-start=\"512\" data-end=\"584\">nutri\u00e7\u00e3o personalizada, suplementa\u00e7\u00e3o estrat\u00e9gica e cuidados f\u00edsicos<\/strong>, aliados a pr\u00e1ticas de autoconhecimento e desenvolvimento emocional. Esta integra\u00e7\u00e3o garante que a transforma\u00e7\u00e3o da imagem vai al\u00e9m do exterior: \u00e9 <strong data-start=\"732\" data-end=\"794\">completa, sustent\u00e1vel e sentida em todos os n\u00edveis da vida<\/strong>.<\/p><p data-start=\"799\" data-end=\"841\"><strong data-start=\"799\" data-end=\"839\">Pilares da Integra\u00e7\u00e3o Corpo e Mente:<\/strong><\/p><ol data-start=\"842\" data-end=\"1184\"><li data-start=\"842\" data-end=\"886\"><p data-start=\"845\" data-end=\"886\">Nutri\u00e7\u00e3o e suplementa\u00e7\u00e3o personalizadas<\/p><\/li><li data-start=\"887\" data-end=\"932\"><p data-start=\"890\" data-end=\"932\">Cuidados f\u00edsicos que refor\u00e7am a presen\u00e7a<\/p><\/li><li data-start=\"933\" data-end=\"971\"><p data-start=\"936\" data-end=\"971\">Energia e vitalidade consistentes<\/p><\/li><li data-start=\"972\" data-end=\"998\"><p data-start=\"975\" data-end=\"998\">Clareza mental e foco<\/p><\/li><li data-start=\"999\" data-end=\"1043\"><p data-start=\"1002\" data-end=\"1043\">Autoconhecimento e equil\u00edbrio emocional<\/p><\/li><li data-start=\"1044\" data-end=\"1077\"><p data-start=\"1047\" data-end=\"1077\">Conex\u00e3o entre corpo e imagem<\/p><\/li><li data-start=\"1078\" data-end=\"1125\"><p data-start=\"1081\" data-end=\"1125\">Sustentabilidade do bem-estar no dia a dia<\/p><\/li><li data-start=\"1126\" data-end=\"1184\"><p data-start=\"1129\" data-end=\"1184\">Potenciar confian\u00e7a e lideran\u00e7a atrav\u00e9s do equil\u00edbrio<\/p><\/li><\/ol>\t\t\t\t\t\t\t\t<\/div>\n\t\t\t\t<\/div>\n\t\t\t\t<\/div>\n\t\t<div class=\"elementor-element elementor-element-79d1b0 e-con-full e-flex e-con e-child\" data-id=\"79d1b0\" data-element_type=\"container\" data-e-type=\"container\">\n\t\t\t\t<div class=\"elementor-element elementor-element-78faadaf elementor-widget elementor-widget-heading\" data-id=\"78faadaf\" data-element_type=\"widget\" data-e-type=\"widget\" data-widget_type=\"heading.default\">\n\t\t\t\t<div class=\"elementor-widget-container\">\n\t\t\t\t\t<h6 class=\"elementor-heading-title elementor-size-default\">07.<\/h6>\t\t\t\t<\/div>\n\t\t\t\t<\/div>\n\t\t\t\t<div class=\"elementor-element elementor-element-215b6b2a elementor-widget elementor-widget-heading\" data-id=\"215b6b2a\" data-element_type=\"widget\" data-e-type=\"widget\" data-widget_type=\"heading.default\">\n\t\t\t\t<div class=\"elementor-widget-container\">\n\t\t\t\t\t<h4 class=\"elementor-heading-title elementor-size-default\">Crescimento profissional e pessoal<\/h4>\t\t\t\t<\/div>\n\t\t\t\t<\/div>\n\t\t\t\t<div class=\"elementor-element elementor-element-2ad6fe54 elementor-widget elementor-widget-text-editor\" data-id=\"2ad6fe54\" data-element_type=\"widget\" data-e-type=\"widget\" data-widget_type=\"text-editor.default\">\n\t\t\t\t<div class=\"elementor-widget-container\">\n\t\t\t\t\t\t\t\t\t<p data-start=\"195\" data-end=\"405\">O C\u2019alma Viva n\u00e3o trabalha apenas a imagem ou a presen\u00e7a: o objetivo \u00e9 <strong data-start=\"266\" data-end=\"305\">promover uma transforma\u00e7\u00e3o completa<\/strong>, que permita a cada mulher crescer de forma consciente e estrat\u00e9gica em todos os aspetos da vida.<\/p><p data-start=\"407\" data-end=\"711\">Quando estilo pessoal, cor estrat\u00e9gica, comunica\u00e7\u00e3o intencional, presen\u00e7a digital, confian\u00e7a, lideran\u00e7a e integra\u00e7\u00e3o corpo-mente est\u00e3o alinhados, surge um <strong data-start=\"562\" data-end=\"600\">potencial pleno de desenvolvimento<\/strong>, abrindo portas para novas oportunidades profissionais, rela\u00e7\u00f5es mais aut\u00eanticas e maior realiza\u00e7\u00e3o pessoal.<\/p><p data-start=\"713\" data-end=\"939\">Esta coluna mostra como cada passo dado na jornada de imagem integral e estrat\u00e9gia digital <strong data-start=\"804\" data-end=\"874\">refor\u00e7a habilidades, fortalece compet\u00eancias e impulsiona objetivos<\/strong>, transformando a presen\u00e7a vis\u00edvel em impacto real e duradouro.<\/p><p data-start=\"941\" data-end=\"993\"><strong data-start=\"941\" data-end=\"991\">Pilares do Crescimento Profissional e Pessoal:<\/strong><\/p><ol data-start=\"994\" data-end=\"1384\"><li data-start=\"994\" data-end=\"1048\"><p data-start=\"997\" data-end=\"1048\">Alinhamento de objetivos pessoais e profissionais<\/p><\/li><li data-start=\"1049\" data-end=\"1098\"><p data-start=\"1052\" data-end=\"1098\">Desenvolvimento de compet\u00eancias estrat\u00e9gicas<\/p><\/li><li data-start=\"1099\" data-end=\"1152\"><p data-start=\"1102\" data-end=\"1152\">Autoconfian\u00e7a aplicada \u00e0 carreira e vida pessoal<\/p><\/li><li data-start=\"1153\" data-end=\"1189\"><p data-start=\"1156\" data-end=\"1189\">Presen\u00e7a que gera oportunidades<\/p><\/li><li data-start=\"1190\" data-end=\"1228\"><p data-start=\"1193\" data-end=\"1228\">Lideran\u00e7a e influ\u00eancia consciente<\/p><\/li><li data-start=\"1229\" data-end=\"1279\"><p data-start=\"1232\" data-end=\"1279\">Constru\u00e7\u00e3o de redes e relacionamentos s\u00f3lidos<\/p><\/li><li data-start=\"1280\" data-end=\"1325\"><p data-start=\"1283\" data-end=\"1325\">Evolu\u00e7\u00e3o cont\u00ednua e aprendizagem pr\u00e1tica<\/p><\/li><li data-start=\"1326\" data-end=\"1384\"><p data-start=\"1329\" data-end=\"1384\">Transforma\u00e7\u00e3o vis\u00edvel e sentida em todos os contextos<\/p><\/li><\/ol>\t\t\t\t\t\t\t\t<\/div>\n\t\t\t\t<\/div>\n\t\t\t\t<\/div>\n\t\t<div class=\"elementor-element elementor-element-675745e8 e-con-full e-flex e-con e-child\" data-id=\"675745e8\" data-element_type=\"container\" data-e-type=\"container\">\n\t\t\t\t<div class=\"elementor-element elementor-element-7fef28aa elementor-widget elementor-widget-heading\" data-id=\"7fef28aa\" data-element_type=\"widget\" data-e-type=\"widget\" data-widget_type=\"heading.default\">\n\t\t\t\t<div class=\"elementor-widget-container\">\n\t\t\t\t\t<h6 class=\"elementor-heading-title elementor-size-default\">08.<\/h6>\t\t\t\t<\/div>\n\t\t\t\t<\/div>\n\t\t\t\t<div class=\"elementor-element elementor-element-4ba3d367 elementor-widget elementor-widget-heading\" data-id=\"4ba3d367\" data-element_type=\"widget\" data-e-type=\"widget\" data-widget_type=\"heading.default\">\n\t\t\t\t<div class=\"elementor-widget-container\">\n\t\t\t\t\t<h4 class=\"elementor-heading-title elementor-size-default\">Presen\u00e7a Digital Coerente<\/h4>\t\t\t\t<\/div>\n\t\t\t\t<\/div>\n\t\t\t\t<div class=\"elementor-element elementor-element-405508e3 elementor-widget elementor-widget-text-editor\" data-id=\"405508e3\" data-element_type=\"widget\" data-e-type=\"widget\" data-widget_type=\"text-editor.default\">\n\t\t\t\t<div class=\"elementor-widget-container\">\n\t\t\t\t\t\t\t\t\t<p data-start=\"519\" data-end=\"740\">Hoje, a presen\u00e7a online \u00e9 t\u00e3o importante quanto a presen\u00e7a f\u00edsica. No C\u2019alma Viva, ajudamos cada mulher a criar uma <strong data-start=\"635\" data-end=\"676\">presen\u00e7a digital coerente e aut\u00eantica<\/strong>, que reflita o seu estilo, valores e objetivos profissionais.<\/p><p data-start=\"742\" data-end=\"991\">O foco n\u00e3o \u00e9 apenas publicar, mas <strong data-start=\"776\" data-end=\"802\">comunicar com inten\u00e7\u00e3o<\/strong>, transmitindo confian\u00e7a e clareza em cada conte\u00fado. Uma presen\u00e7a digital alinhada refor\u00e7a a sua autoridade, fortalece a sua imagem e cria oportunidades reais de networking e crescimento.<\/p><p data-start=\"993\" data-end=\"1196\"><strong data-start=\"993\" data-end=\"1043\">Curso \u201cDe Iniciante a Expert em Redes Sociais\u201d<\/strong><br data-start=\"1043\" data-end=\"1046\" \/>Como parte desta abordagem, oferecemos o curso que leva qualquer mulher do n\u00edvel iniciante ao avan\u00e7ado na gest\u00e3o de redes sociais. O curso ensina a:<\/p><ul data-start=\"1197\" data-end=\"1448\"><li data-start=\"1197\" data-end=\"1262\"><p data-start=\"1199\" data-end=\"1262\">Criar conte\u00fado estrat\u00e9gico e coerente com a sua marca pessoal<\/p><\/li><li data-start=\"1263\" data-end=\"1320\"><p data-start=\"1265\" data-end=\"1320\">Planejar e organizar publica\u00e7\u00f5es de forma consistente<\/p><\/li><li data-start=\"1321\" data-end=\"1395\"><p data-start=\"1323\" data-end=\"1395\">Usar ferramentas digitais e intelig\u00eancia artificial a favor do neg\u00f3cio<\/p><\/li><li data-start=\"1396\" data-end=\"1448\"><p data-start=\"1398\" data-end=\"1448\">Transformar perfis online em ativos estrat\u00e9gicos<\/p><\/li><\/ul><p data-start=\"1450\" data-end=\"1493\"><strong data-start=\"1450\" data-end=\"1491\">Pilares da Presen\u00e7a Digital Coerente:<\/strong><\/p><ol data-start=\"1494\" data-end=\"1875\"><li data-start=\"1494\" data-end=\"1534\"><p data-start=\"1497\" data-end=\"1534\">Autenticidade na comunica\u00e7\u00e3o online<\/p><\/li><li data-start=\"1535\" data-end=\"1590\"><p data-start=\"1538\" data-end=\"1590\">Alinhamento da presen\u00e7a digital com estilo pessoal<\/p><\/li><li data-start=\"1591\" data-end=\"1632\"><p data-start=\"1594\" data-end=\"1632\">Planeamento estrat\u00e9gico de conte\u00fados<\/p><\/li><li data-start=\"1633\" data-end=\"1677\"><p data-start=\"1636\" data-end=\"1677\">Uso eficaz de ferramentas digitais e IA<\/p><\/li><li data-start=\"1678\" data-end=\"1722\"><p data-start=\"1681\" data-end=\"1722\">Coer\u00eancia entre imagem f\u00edsica e digital<\/p><\/li><li data-start=\"1723\" data-end=\"1769\"><p data-start=\"1726\" data-end=\"1769\">Fortalecimento da autoridade e influ\u00eancia<\/p><\/li><li data-start=\"1770\" data-end=\"1820\"><p data-start=\"1773\" data-end=\"1820\">Desenvolvimento de rede e intera\u00e7\u00e3o relevante<\/p><\/li><li data-start=\"1821\" data-end=\"1875\"><p data-start=\"1824\" data-end=\"1875\">Transforma\u00e7\u00e3o da presen\u00e7a digital em oportunidade<\/p><\/li><\/ol>\t\t\t\t\t\t\t\t<\/div>\n\t\t\t\t<\/div>\n\t\t\t\t<\/div>\n\t\t\t\t\t<\/div>\n\t\t\t\t<\/div>\n\t\t\t\t<\/div>\n\t\t\t\t\t<\/div>\n\t\t\t\t<\/div>\n\t\t\t\t<\/div>","protected":false},"excerpt":{"rendered":"<p>Imagem Integral e Estrat\u00e9gia Digital Agendar Diagn\u00f3stico Gratuito Do estilo pessoal \u00e0 presen\u00e7a online, a sua imagem comunica antes mesmo de dizer uma palavra No C\u2019alma Viva, acreditamos que a imagem \u00e9 um sistema integrado. N\u00e3o se trata apenas de escolher roupas bonitas ou cores que gosta, mas de criar uma presen\u00e7a aut\u00eantica que reflete [&hellip;]<\/p>\n","protected":false},"author":3,"featured_media":0,"parent":0,"menu_order":0,"comment_status":"closed","ping_status":"closed","template":"","meta":{"site-sidebar-layout":"no-sidebar","site-content-layout":"page-builder","ast-site-content-layout":"full-width-container","site-content-style":"default","site-sidebar-style":"default","ast-global-header-display":"","ast-banner-title-visibility":"","ast-main-header-display":"","ast-hfb-above-header-display":"","ast-hfb-below-header-display":"","ast-hfb-mobile-header-display":"","site-post-title":"disabled","ast-breadcrumbs-content":"","ast-featured-img":"disabled","footer-sml-layout":"","ast-disable-related-posts":"","theme-transparent-header-meta":"","adv-header-id-meta":"","stick-header-meta":"","header-above-stick-meta":"","header-main-stick-meta":"","header-below-stick-meta":"","astra-migrate-meta-layouts":"set","ast-page-background-enabled":"default","ast-page-background-meta":{"desktop":{"background-color":"","background-image":"","background-repeat":"repeat","background-position":"center center","background-size":"auto","background-attachment":"scroll","background-type":"","background-media":"","overlay-type":"","overlay-color":"","overlay-opacity":"","overlay-gradient":""},"tablet":{"background-color":"","background-image":"","background-repeat":"repeat","background-position":"center center","background-size":"auto","background-attachment":"scroll","background-type":"","background-media":"","overlay-type":"","overlay-color":"","overlay-opacity":"","overlay-gradient":""},"mobile":{"background-color":"","background-image":"","background-repeat":"repeat","background-position":"center center","background-size":"auto","background-attachment":"scroll","background-type":"","background-media":"","overlay-type":"","overlay-color":"","overlay-opacity":"","overlay-gradient":""}},"ast-content-background-meta":{"desktop":{"background-color":"var(--ast-global-color-5)","background-image":"","background-repeat":"repeat","background-position":"center center","background-size":"auto","background-attachment":"scroll","background-type":"","background-media":"","overlay-type":"","overlay-color":"","overlay-opacity":"","overlay-gradient":""},"tablet":{"background-color":"var(--ast-global-color-5)","background-image":"","background-repeat":"repeat","background-position":"center center","background-size":"auto","background-attachment":"scroll","background-type":"","background-media":"","overlay-type":"","overlay-color":"","overlay-opacity":"","overlay-gradient":""},"mobile":{"background-color":"var(--ast-global-color-5)","background-image":"","background-repeat":"repeat","background-position":"center center","background-size":"auto","background-attachment":"scroll","background-type":"","background-media":"","overlay-type":"","overlay-color":"","overlay-opacity":"","overlay-gradient":""}},"footnotes":""},"class_list":["post-3886","page","type-page","status-publish","hentry"],"yoast_head":"<!-- This site is optimized with the Yoast SEO plugin v27.5 - https:\/\/yoast.com\/product\/yoast-seo-wordpress\/ -->\n<title>Imagem Integral e Estrat\u00e9gia Digital - 3Solutions Consultoria em Marketing e Gest\u00e3o<\/title>\n<meta name=\"robots\" content=\"index, follow, max-snippet:-1, max-image-preview:large, max-video-preview:-1\" \/>\n<link rel=\"canonical\" href=\"https:\/\/3solutions.pt\/en\/imagem-integral-e-estrategia-digital\/\" \/>\n<meta property=\"og:locale\" content=\"en_GB\" \/>\n<meta property=\"og:type\" content=\"article\" \/>\n<meta property=\"og:title\" content=\"Imagem Integral e Estrat\u00e9gia Digital - 3Solutions Consultoria em Marketing e Gest\u00e3o\" \/>\n<meta property=\"og:description\" content=\"Imagem Integral e Estrat\u00e9gia Digital Agendar Diagn\u00f3stico Gratuito Do estilo pessoal \u00e0 presen\u00e7a online, a sua imagem comunica antes mesmo de dizer uma palavra No C\u2019alma Viva, acreditamos que a imagem \u00e9 um sistema integrado. N\u00e3o se trata apenas de escolher roupas bonitas ou cores que gosta, mas de criar uma presen\u00e7a aut\u00eantica que reflete [&hellip;]\" \/>\n<meta property=\"og:url\" content=\"https:\/\/3solutions.pt\/en\/imagem-integral-e-estrategia-digital\/\" \/>\n<meta property=\"og:site_name\" content=\"3Solutions Consultoria em Marketing e Gest\u00e3o\" \/>\n<meta property=\"article:publisher\" content=\"https:\/\/www.facebook.com\/share\/17VAXrDnwy\/\" \/>\n<meta property=\"article:modified_time\" content=\"2025-12-29T21:59:46+00:00\" \/>\n<meta property=\"og:image\" content=\"https:\/\/3solutions.pt\/wp-content\/uploads\/2025\/12\/retail-round-sell-tal-trust-advising-loyalty.jpg\" \/>\n\t<meta property=\"og:image:width\" content=\"898\" \/>\n\t<meta property=\"og:image:height\" content=\"598\" \/>\n\t<meta property=\"og:image:type\" content=\"image\/jpeg\" \/>\n<meta name=\"twitter:card\" content=\"summary_large_image\" \/>\n<meta name=\"twitter:label1\" content=\"Estimated reading time\" \/>\n\t<meta name=\"twitter:data1\" content=\"10 minutes\" \/>\n<script type=\"application\/ld+json\" class=\"yoast-schema-graph\">{\"@context\":\"https:\\\/\\\/schema.org\",\"@graph\":[{\"@type\":\"WebPage\",\"@id\":\"https:\\\/\\\/3solutions.pt\\\/imagem-integral-e-estrategia-digital\\\/\",\"url\":\"https:\\\/\\\/3solutions.pt\\\/imagem-integral-e-estrategia-digital\\\/\",\"name\":\"Imagem Integral e Estrat\u00e9gia Digital - 3Solutions Consultoria em Marketing e Gest\u00e3o\",\"isPartOf\":{\"@id\":\"https:\\\/\\\/3solutions.pt\\\/#website\"},\"primaryImageOfPage\":{\"@id\":\"https:\\\/\\\/3solutions.pt\\\/imagem-integral-e-estrategia-digital\\\/#primaryimage\"},\"image\":{\"@id\":\"https:\\\/\\\/3solutions.pt\\\/imagem-integral-e-estrategia-digital\\\/#primaryimage\"},\"thumbnailUrl\":\"https:\\\/\\\/3solutions.pt\\\/wp-content\\\/uploads\\\/2025\\\/12\\\/retail-round-sell-tal-trust-advising-loyalty.jpg\",\"datePublished\":\"2025-12-29T18:49:31+00:00\",\"dateModified\":\"2025-12-29T21:59:46+00:00\",\"breadcrumb\":{\"@id\":\"https:\\\/\\\/3solutions.pt\\\/imagem-integral-e-estrategia-digital\\\/#breadcrumb\"},\"inLanguage\":\"en-GB\",\"potentialAction\":[{\"@type\":\"ReadAction\",\"target\":[\"https:\\\/\\\/3solutions.pt\\\/imagem-integral-e-estrategia-digital\\\/\"]}]},{\"@type\":\"ImageObject\",\"inLanguage\":\"en-GB\",\"@id\":\"https:\\\/\\\/3solutions.pt\\\/imagem-integral-e-estrategia-digital\\\/#primaryimage\",\"url\":\"https:\\\/\\\/3solutions.pt\\\/wp-content\\\/uploads\\\/2025\\\/12\\\/retail-round-sell-tal-trust-advising-loyalty.jpg\",\"contentUrl\":\"https:\\\/\\\/3solutions.pt\\\/wp-content\\\/uploads\\\/2025\\\/12\\\/retail-round-sell-tal-trust-advising-loyalty.jpg\"},{\"@type\":\"BreadcrumbList\",\"@id\":\"https:\\\/\\\/3solutions.pt\\\/imagem-integral-e-estrategia-digital\\\/#breadcrumb\",\"itemListElement\":[{\"@type\":\"ListItem\",\"position\":1,\"name\":\"In\u00edcio\",\"item\":\"https:\\\/\\\/3solutions.pt\\\/\"},{\"@type\":\"ListItem\",\"position\":2,\"name\":\"Imagem Integral e Estrat\u00e9gia Digital\"}]},{\"@type\":\"WebSite\",\"@id\":\"https:\\\/\\\/3solutions.pt\\\/#website\",\"url\":\"https:\\\/\\\/3solutions.pt\\\/\",\"name\":\"3Solutions Consultoria em Marketing e Gest\u00e3o\",\"description\":\"Consultoria e Marketing Digital\",\"publisher\":{\"@id\":\"https:\\\/\\\/3solutions.pt\\\/#organization\"},\"potentialAction\":[{\"@type\":\"SearchAction\",\"target\":{\"@type\":\"EntryPoint\",\"urlTemplate\":\"https:\\\/\\\/3solutions.pt\\\/?s={search_term_string}\"},\"query-input\":{\"@type\":\"PropertyValueSpecification\",\"valueRequired\":true,\"valueName\":\"search_term_string\"}}],\"inLanguage\":\"en-GB\"},{\"@type\":\"Organization\",\"@id\":\"https:\\\/\\\/3solutions.pt\\\/#organization\",\"name\":\"3Solutions Consultoria em Marketing e Gest\u00e3o\",\"url\":\"https:\\\/\\\/3solutions.pt\\\/\",\"logo\":{\"@type\":\"ImageObject\",\"inLanguage\":\"en-GB\",\"@id\":\"https:\\\/\\\/3solutions.pt\\\/#\\\/schema\\\/logo\\\/image\\\/\",\"url\":\"https:\\\/\\\/3solutions.pt\\\/wp-content\\\/uploads\\\/2025\\\/12\\\/cropped-Prancheta-1-copia-6-scaled-1.png\",\"contentUrl\":\"https:\\\/\\\/3solutions.pt\\\/wp-content\\\/uploads\\\/2025\\\/12\\\/cropped-Prancheta-1-copia-6-scaled-1.png\",\"width\":2559,\"height\":855,\"caption\":\"3Solutions Consultoria em Marketing e Gest\u00e3o\"},\"image\":{\"@id\":\"https:\\\/\\\/3solutions.pt\\\/#\\\/schema\\\/logo\\\/image\\\/\"},\"sameAs\":[\"https:\\\/\\\/www.facebook.com\\\/share\\\/17VAXrDnwy\\\/\",\"https:\\\/\\\/www.instagram.com\\\/wespeakretail?igsh=d2Y0a2RzY29nN2Fv\"]}]}<\/script>\n<!-- \/ Yoast SEO plugin. -->","yoast_head_json":{"title":"Imagem Integral e Estrat\u00e9gia Digital - 3Solutions Consultoria em Marketing e Gest\u00e3o","robots":{"index":"index","follow":"follow","max-snippet":"max-snippet:-1","max-image-preview":"max-image-preview:large","max-video-preview":"max-video-preview:-1"},"canonical":"https:\/\/3solutions.pt\/en\/imagem-integral-e-estrategia-digital\/","og_locale":"en_GB","og_type":"article","og_title":"Imagem Integral e Estrat\u00e9gia Digital - 3Solutions Consultoria em Marketing e Gest\u00e3o","og_description":"Imagem Integral e Estrat\u00e9gia Digital Agendar Diagn\u00f3stico Gratuito Do estilo pessoal \u00e0 presen\u00e7a online, a sua imagem comunica antes mesmo de dizer uma palavra No C\u2019alma Viva, acreditamos que a imagem \u00e9 um sistema integrado. N\u00e3o se trata apenas de escolher roupas bonitas ou cores que gosta, mas de criar uma presen\u00e7a aut\u00eantica que reflete [&hellip;]","og_url":"https:\/\/3solutions.pt\/en\/imagem-integral-e-estrategia-digital\/","og_site_name":"3Solutions Consultoria em Marketing e Gest\u00e3o","article_publisher":"https:\/\/www.facebook.com\/share\/17VAXrDnwy\/","article_modified_time":"2025-12-29T21:59:46+00:00","og_image":[{"width":898,"height":598,"url":"https:\/\/3solutions.pt\/wp-content\/uploads\/2025\/12\/retail-round-sell-tal-trust-advising-loyalty.jpg","type":"image\/jpeg"}],"twitter_card":"summary_large_image","twitter_misc":{"Estimated reading time":"10 minutes"},"schema":{"@context":"https:\/\/schema.org","@graph":[{"@type":"WebPage","@id":"https:\/\/3solutions.pt\/imagem-integral-e-estrategia-digital\/","url":"https:\/\/3solutions.pt\/imagem-integral-e-estrategia-digital\/","name":"Imagem Integral e Estrat\u00e9gia Digital - 3Solutions Consultoria em Marketing e Gest\u00e3o","isPartOf":{"@id":"https:\/\/3solutions.pt\/#website"},"primaryImageOfPage":{"@id":"https:\/\/3solutions.pt\/imagem-integral-e-estrategia-digital\/#primaryimage"},"image":{"@id":"https:\/\/3solutions.pt\/imagem-integral-e-estrategia-digital\/#primaryimage"},"thumbnailUrl":"https:\/\/3solutions.pt\/wp-content\/uploads\/2025\/12\/retail-round-sell-tal-trust-advising-loyalty.jpg","datePublished":"2025-12-29T18:49:31+00:00","dateModified":"2025-12-29T21:59:46+00:00","breadcrumb":{"@id":"https:\/\/3solutions.pt\/imagem-integral-e-estrategia-digital\/#breadcrumb"},"inLanguage":"en-GB","potentialAction":[{"@type":"ReadAction","target":["https:\/\/3solutions.pt\/imagem-integral-e-estrategia-digital\/"]}]},{"@type":"ImageObject","inLanguage":"en-GB","@id":"https:\/\/3solutions.pt\/imagem-integral-e-estrategia-digital\/#primaryimage","url":"https:\/\/3solutions.pt\/wp-content\/uploads\/2025\/12\/retail-round-sell-tal-trust-advising-loyalty.jpg","contentUrl":"https:\/\/3solutions.pt\/wp-content\/uploads\/2025\/12\/retail-round-sell-tal-trust-advising-loyalty.jpg"},{"@type":"BreadcrumbList","@id":"https:\/\/3solutions.pt\/imagem-integral-e-estrategia-digital\/#breadcrumb","itemListElement":[{"@type":"ListItem","position":1,"name":"In\u00edcio","item":"https:\/\/3solutions.pt\/"},{"@type":"ListItem","position":2,"name":"Imagem Integral e Estrat\u00e9gia Digital"}]},{"@type":"WebSite","@id":"https:\/\/3solutions.pt\/#website","url":"https:\/\/3solutions.pt\/","name":"3Solutions Consultoria em Marketing e Gest\u00e3o","description":"Consultoria e Marketing Digital","publisher":{"@id":"https:\/\/3solutions.pt\/#organization"},"potentialAction":[{"@type":"SearchAction","target":{"@type":"EntryPoint","urlTemplate":"https:\/\/3solutions.pt\/?s={search_term_string}"},"query-input":{"@type":"PropertyValueSpecification","valueRequired":true,"valueName":"search_term_string"}}],"inLanguage":"en-GB"},{"@type":"Organization","@id":"https:\/\/3solutions.pt\/#organization","name":"3Solutions Consultoria em Marketing e Gest\u00e3o","url":"https:\/\/3solutions.pt\/","logo":{"@type":"ImageObject","inLanguage":"en-GB","@id":"https:\/\/3solutions.pt\/#\/schema\/logo\/image\/","url":"https:\/\/3solutions.pt\/wp-content\/uploads\/2025\/12\/cropped-Prancheta-1-copia-6-scaled-1.png","contentUrl":"https:\/\/3solutions.pt\/wp-content\/uploads\/2025\/12\/cropped-Prancheta-1-copia-6-scaled-1.png","width":2559,"height":855,"caption":"3Solutions Consultoria em Marketing e Gest\u00e3o"},"image":{"@id":"https:\/\/3solutions.pt\/#\/schema\/logo\/image\/"},"sameAs":["https:\/\/www.facebook.com\/share\/17VAXrDnwy\/","https:\/\/www.instagram.com\/wespeakretail?igsh=d2Y0a2RzY29nN2Fv"]}]}},"_links":{"self":[{"href":"https:\/\/3solutions.pt\/en\/wp-json\/wp\/v2\/pages\/3886","targetHints":{"allow":["GET"]}}],"collection":[{"href":"https:\/\/3solutions.pt\/en\/wp-json\/wp\/v2\/pages"}],"about":[{"href":"https:\/\/3solutions.pt\/en\/wp-json\/wp\/v2\/types\/page"}],"author":[{"embeddable":true,"href":"https:\/\/3solutions.pt\/en\/wp-json\/wp\/v2\/users\/3"}],"replies":[{"embeddable":true,"href":"https:\/\/3solutions.pt\/en\/wp-json\/wp\/v2\/comments?post=3886"}],"version-history":[{"count":16,"href":"https:\/\/3solutions.pt\/en\/wp-json\/wp\/v2\/pages\/3886\/revisions"}],"predecessor-version":[{"id":3938,"href":"https:\/\/3solutions.pt\/en\/wp-json\/wp\/v2\/pages\/3886\/revisions\/3938"}],"wp:attachment":[{"href":"https:\/\/3solutions.pt\/en\/wp-json\/wp\/v2\/media?parent=3886"}],"curies":[{"name":"wp","href":"https:\/\/api.w.org\/{rel}","templated":true}]}}