{"id":2228,"date":"2025-12-11T15:14:47","date_gmt":"2025-12-11T15:14:47","guid":{"rendered":"https:\/\/3solutions.pt\/?page_id=2228"},"modified":"2025-12-29T18:00:11","modified_gmt":"2025-12-29T18:00:11","slug":"pagina-teste","status":"publish","type":"page","link":"https:\/\/3solutions.pt\/en\/pagina-teste\/","title":{"rendered":"pagina teste"},"content":{"rendered":"\t\t<div data-elementor-type=\"wp-page\" data-elementor-id=\"2228\" class=\"elementor elementor-2228\">\n\t\t\t\t<div class=\"elementor-element elementor-element-c8f4966 e-flex e-con-boxed e-con e-parent\" data-id=\"c8f4966\" data-element_type=\"container\" data-e-type=\"container\" data-settings=\"{&quot;background_background&quot;:&quot;classic&quot;}\">\n\t\t\t\t\t<div class=\"e-con-inner\">\n\t\t<div class=\"elementor-element elementor-element-52703d59 e-con-full e-flex e-con e-child\" data-id=\"52703d59\" data-element_type=\"container\" data-e-type=\"container\">\n\t\t\t\t<div class=\"elementor-element elementor-element-3fc6d7c1 elementor-widget elementor-widget-heading\" data-id=\"3fc6d7c1\" data-element_type=\"widget\" data-e-type=\"widget\" data-widget_type=\"heading.default\">\n\t\t\t\t<div class=\"elementor-widget-container\">\n\t\t\t\t\t<h1 class=\"elementor-heading-title elementor-size-default\">C\u00b4alma Viva <br>Studio<\/h1>\t\t\t\t<\/div>\n\t\t\t\t<\/div>\n\t\t\t\t<\/div>\n\t\t\t\t\t<\/div>\n\t\t\t\t<\/div>\n\t\t<div class=\"elementor-element elementor-element-1ce3619f e-flex e-con-boxed e-con e-parent\" data-id=\"1ce3619f\" data-element_type=\"container\" data-e-type=\"container\" data-settings=\"{&quot;background_background&quot;:&quot;classic&quot;}\">\n\t\t\t\t\t<div class=\"e-con-inner\">\n\t\t<div class=\"elementor-element elementor-element-29d8e943 e-con-full e-flex e-con e-child\" data-id=\"29d8e943\" data-element_type=\"container\" data-e-type=\"container\">\n\t\t<div class=\"elementor-element elementor-element-3d922958 e-flex e-con-boxed e-con e-child\" data-id=\"3d922958\" data-element_type=\"container\" data-e-type=\"container\">\n\t\t\t\t\t<div class=\"e-con-inner\">\n\t\t<div class=\"elementor-element elementor-element-5d430e56 e-con-full e-flex e-con e-child\" data-id=\"5d430e56\" data-element_type=\"container\" data-e-type=\"container\">\n\t\t\t\t<div class=\"elementor-element elementor-element-5b6d7959 elementor-widget elementor-widget-button\" data-id=\"5b6d7959\" data-element_type=\"widget\" data-e-type=\"widget\" data-widget_type=\"button.default\">\n\t\t\t\t<div class=\"elementor-widget-container\">\n\t\t\t\t\t\t\t\t\t<div class=\"elementor-button-wrapper\">\n\t\t\t\t\t<a class=\"elementor-button elementor-button-link elementor-size-sm\" href=\"https:\/\/3solutions.pt\/agendar-um-diagnostico-gratuito-de-consultoria-em-gestao-e-marketing\/\">\n\t\t\t\t\t\t<span class=\"elementor-button-content-wrapper\">\n\t\t\t\t\t\t\t\t\t<span class=\"elementor-button-text\">Agendar Diagn\u00f3stico Gratuito<\/span>\n\t\t\t\t\t<\/span>\n\t\t\t\t\t<\/a>\n\t\t\t\t<\/div>\n\t\t\t\t\t\t\t\t<\/div>\n\t\t\t\t<\/div>\n\t\t\t\t<div class=\"elementor-element elementor-element-450683b8 elementor-widget elementor-widget-heading\" data-id=\"450683b8\" data-element_type=\"widget\" data-e-type=\"widget\" data-widget_type=\"heading.default\">\n\t\t\t\t<div class=\"elementor-widget-container\">\n\t\t\t\t\t<h2 class=\"elementor-heading-title elementor-size-default\">C\u00b4alma Viva Studio <br>Lideran\u00e7a e presen\u00e7a aut\u00eantica <br><i>By Isabel Portugal<\/i> <\/h2>\t\t\t\t<\/div>\n\t\t\t\t<\/div>\n\t\t\t\t<\/div>\n\t\t<div class=\"elementor-element elementor-element-3a74ac29 e-con-full e-flex e-con e-child\" data-id=\"3a74ac29\" data-element_type=\"container\" data-e-type=\"container\">\n\t\t\t\t<div class=\"elementor-element elementor-element-3e954e3d elementor-widget__width-initial elementor-widget elementor-widget-image\" data-id=\"3e954e3d\" data-element_type=\"widget\" data-e-type=\"widget\" data-widget_type=\"image.default\">\n\t\t\t\t<div class=\"elementor-widget-container\">\n\t\t\t\t\t\t\t\t\t\t\t\t\t\t\t<img fetchpriority=\"high\" decoding=\"async\" width=\"832\" height=\"1144\" src=\"https:\/\/3solutions.pt\/wp-content\/uploads\/2025\/12\/Imagem-WhatsApp-2025-12-11-as-16.31.27_5ed8a7c6-1.jpg\" class=\"attachment-full size-full wp-image-2477\" alt=\"\" srcset=\"https:\/\/3solutions.pt\/wp-content\/uploads\/2025\/12\/Imagem-WhatsApp-2025-12-11-as-16.31.27_5ed8a7c6-1.jpg 832w, https:\/\/3solutions.pt\/wp-content\/uploads\/2025\/12\/Imagem-WhatsApp-2025-12-11-as-16.31.27_5ed8a7c6-1-218x300.jpg 218w, https:\/\/3solutions.pt\/wp-content\/uploads\/2025\/12\/Imagem-WhatsApp-2025-12-11-as-16.31.27_5ed8a7c6-1-745x1024.jpg 745w, https:\/\/3solutions.pt\/wp-content\/uploads\/2025\/12\/Imagem-WhatsApp-2025-12-11-as-16.31.27_5ed8a7c6-1-768x1056.jpg 768w, https:\/\/3solutions.pt\/wp-content\/uploads\/2025\/12\/Imagem-WhatsApp-2025-12-11-as-16.31.27_5ed8a7c6-1-9x12.jpg 9w\" sizes=\"(max-width: 832px) 100vw, 832px\" \/>\t\t\t\t\t\t\t\t\t\t\t\t\t\t\t<\/div>\n\t\t\t\t<\/div>\n\t\t\t\t<\/div>\n\t\t\t\t\t<\/div>\n\t\t\t\t<\/div>\n\t\t\t\t<div class=\"elementor-element elementor-element-1f07443c elementor-widget elementor-widget-text-editor\" data-id=\"1f07443c\" data-element_type=\"widget\" data-e-type=\"widget\" data-widget_type=\"text-editor.default\">\n\t\t\t\t<div class=\"elementor-widget-container\">\n\t\t\t\t\t\t\t\t\t<h4 data-start=\"454\" data-end=\"528\">Transformamos a rela\u00e7\u00e3o com a imagem, a presen\u00e7a e a lideran\u00e7a pessoal. Integramos a imagem, a estrat\u00e9gia digital e o cuidado integral do corpo para que cada pessoa possa expressar quem realmente \u00e9, com verdade e confian\u00e7a. Trabalhamos a imagem como uma extens\u00e3o da identidade, a presen\u00e7a como ferramenta de comunica\u00e7\u00e3o e influ\u00eancia, e o corpo como base do bem-estar e da energia. Quando tudo est\u00e1 alinhado, cada um\u00a0 sente-se inteiro, coerente e preparado para liderar a sua vida e o seu trabalho com clareza e autenticidade.<\/h4><p data-start=\"744\" data-end=\"1063\">\u00a0<\/p>\t\t\t\t\t\t\t\t<\/div>\n\t\t\t\t<\/div>\n\t\t\t\t<div class=\"elementor-element elementor-element-2b4d1aff elementor-widget elementor-widget-button\" data-id=\"2b4d1aff\" data-element_type=\"widget\" data-e-type=\"widget\" data-widget_type=\"button.default\">\n\t\t\t\t<div class=\"elementor-widget-container\">\n\t\t\t\t\t\t\t\t\t<div class=\"elementor-button-wrapper\">\n\t\t\t\t\t<a class=\"elementor-button elementor-button-link elementor-size-sm\" href=\"\">\n\t\t\t\t\t\t<span class=\"elementor-button-content-wrapper\">\n\t\t\t\t\t\t<span class=\"elementor-button-icon\">\n\t\t\t\t<i aria-hidden=\"true\" class=\"fab fa-whatsapp\"><\/i>\t\t\t<\/span>\n\t\t\t\t\t\t\t\t\t<span class=\"elementor-button-text\">Descubra o caminho <\/span>\n\t\t\t\t\t<\/span>\n\t\t\t\t\t<\/a>\n\t\t\t\t<\/div>\n\t\t\t\t\t\t\t\t<\/div>\n\t\t\t\t<\/div>\n\t\t\t\t<div class=\"elementor-element elementor-element-39ce8b6 elementor-widget elementor-widget-heading\" data-id=\"39ce8b6\" data-element_type=\"widget\" data-e-type=\"widget\" data-widget_type=\"heading.default\">\n\t\t\t\t<div class=\"elementor-widget-container\">\n\t\t\t\t\t<h6 class=\"elementor-heading-title elementor-size-default\">Sobre Isabel Portugal <\/h6>\t\t\t\t<\/div>\n\t\t\t\t<\/div>\n\t\t<div class=\"elementor-element elementor-element-6f011b4 e-flex e-con-boxed e-con e-child\" data-id=\"6f011b4\" data-element_type=\"container\" data-e-type=\"container\">\n\t\t\t\t\t<div class=\"e-con-inner\">\n\t\t<div class=\"elementor-element elementor-element-35b6966b e-con-full e-flex e-con e-child\" data-id=\"35b6966b\" data-element_type=\"container\" data-e-type=\"container\">\n\t\t\t\t<div class=\"elementor-element elementor-element-684943f8 elementor-widget elementor-widget-image\" data-id=\"684943f8\" data-element_type=\"widget\" data-e-type=\"widget\" data-widget_type=\"image.default\">\n\t\t\t\t<div class=\"elementor-widget-container\">\n\t\t\t\t\t\t\t\t\t\t\t\t\t\t\t<img decoding=\"async\" width=\"776\" height=\"1184\" src=\"https:\/\/3solutions.pt\/wp-content\/uploads\/2025\/12\/Imagem-WhatsApp-2025-12-11-as-20.02.18_bff0ef4d.jpg\" class=\"attachment-full size-full wp-image-2529\" alt=\"\" srcset=\"https:\/\/3solutions.pt\/wp-content\/uploads\/2025\/12\/Imagem-WhatsApp-2025-12-11-as-20.02.18_bff0ef4d.jpg 776w, https:\/\/3solutions.pt\/wp-content\/uploads\/2025\/12\/Imagem-WhatsApp-2025-12-11-as-20.02.18_bff0ef4d-197x300.jpg 197w, https:\/\/3solutions.pt\/wp-content\/uploads\/2025\/12\/Imagem-WhatsApp-2025-12-11-as-20.02.18_bff0ef4d-671x1024.jpg 671w, https:\/\/3solutions.pt\/wp-content\/uploads\/2025\/12\/Imagem-WhatsApp-2025-12-11-as-20.02.18_bff0ef4d-768x1172.jpg 768w, https:\/\/3solutions.pt\/wp-content\/uploads\/2025\/12\/Imagem-WhatsApp-2025-12-11-as-20.02.18_bff0ef4d-8x12.jpg 8w\" sizes=\"(max-width: 776px) 100vw, 776px\" \/>\t\t\t\t\t\t\t\t\t\t\t\t\t\t\t<\/div>\n\t\t\t\t<\/div>\n\t\t\t\t<\/div>\n\t\t<div class=\"elementor-element elementor-element-68ac4488 e-con-full e-flex e-con e-child\" data-id=\"68ac4488\" data-element_type=\"container\" data-e-type=\"container\">\n\t\t\t\t<div class=\"elementor-element elementor-element-520da235 elementor-view-default elementor-widget elementor-widget-icon\" data-id=\"520da235\" data-element_type=\"widget\" data-e-type=\"widget\" data-widget_type=\"icon.default\">\n\t\t\t\t<div class=\"elementor-widget-container\">\n\t\t\t\t\t\t\t<div class=\"elementor-icon-wrapper\">\n\t\t\t<div class=\"elementor-icon\">\n\t\t\t<i aria-hidden=\"true\" class=\"fas fa-quote-right\"><\/i>\t\t\t<\/div>\n\t\t<\/div>\n\t\t\t\t\t\t<\/div>\n\t\t\t\t<\/div>\n\t\t\t\t<div class=\"elementor-element elementor-element-56a760c5 elementor-widget elementor-widget-heading\" data-id=\"56a760c5\" data-element_type=\"widget\" data-e-type=\"widget\" data-widget_type=\"heading.default\">\n\t\t\t\t<div class=\"elementor-widget-container\">\n\t\t\t\t\t<h4 class=\"elementor-heading-title elementor-size-default\">Sou Isabel, empreendedora, consultora e mentora de mulheres maduras que desejam liderar a sua vida com confian\u00e7a, autenticidade e prop\u00f3sito. Ao longo da minha carreira, ocupei cargos de lideran\u00e7a como National Manager em multinacionais de moda feminina. hoje dedico-me  \u00e0 inclus\u00e3o de mulheres 50+ na vida pessoal e profissional.\n\nAcredito que a lideran\u00e7a verdadeira nasce de dentro para fora e que \u00e9 poss\u00edvel transformar a vida e a presen\u00e7a de qualquer pessoa a partir de uma imagem integral e consciente.<\/h4>\t\t\t\t<\/div>\n\t\t\t\t<\/div>\n\t\t\t\t<div class=\"elementor-element elementor-element-78dbf277 elementor-widget elementor-widget-image\" data-id=\"78dbf277\" data-element_type=\"widget\" data-e-type=\"widget\" data-widget_type=\"image.default\">\n\t\t\t\t<div class=\"elementor-widget-container\">\n\t\t\t\t\t\t\t\t\t\t\t\t\t\t\t<img decoding=\"async\" src=\"https:\/\/3solutions.pt\/wp-content\/uploads\/2025\/12\/Design-sem-nome-23-e1765478163455.png\" title=\"\" alt=\"\" loading=\"lazy\" \/>\t\t\t\t\t\t\t\t\t\t\t\t\t\t\t<\/div>\n\t\t\t\t<\/div>\n\t\t\t\t<\/div>\n\t\t\t\t\t<\/div>\n\t\t\t\t<\/div>\n\t\t\t\t<\/div>\n\t\t\t\t\t<\/div>\n\t\t\t\t<\/div>\n\t\t<div class=\"elementor-element elementor-element-7b3ed16d e-flex e-con-boxed e-con e-parent\" data-id=\"7b3ed16d\" data-element_type=\"container\" data-e-type=\"container\" data-settings=\"{&quot;background_background&quot;:&quot;gradient&quot;}\">\n\t\t\t\t\t<div class=\"e-con-inner\">\n\t\t<div class=\"elementor-element elementor-element-744f9b19 e-con-full e-flex e-con e-child\" data-id=\"744f9b19\" data-element_type=\"container\" data-e-type=\"container\" data-settings=\"{&quot;background_background&quot;:&quot;classic&quot;}\">\n\t\t\t\t<div class=\"elementor-element elementor-element-5195c555 elementor-widget elementor-widget-heading\" data-id=\"5195c555\" data-element_type=\"widget\" data-e-type=\"widget\" data-widget_type=\"heading.default\">\n\t\t\t\t<div class=\"elementor-widget-container\">\n\t\t\t\t\t<h3 class=\"elementor-heading-title elementor-size-default\">Sobre C\u00b4alma viva Studio <\/h3>\t\t\t\t<\/div>\n\t\t\t\t<\/div>\n\t\t\t\t<div class=\"elementor-element elementor-element-69958d5 elementor-align-center elementor-widget elementor-widget-button\" data-id=\"69958d5\" data-element_type=\"widget\" data-e-type=\"widget\" data-widget_type=\"button.default\">\n\t\t\t\t<div class=\"elementor-widget-container\">\n\t\t\t\t\t\t\t\t\t<div class=\"elementor-button-wrapper\">\n\t\t\t\t\t<a class=\"elementor-button elementor-button-link elementor-size-sm\" href=\"\">\n\t\t\t\t\t\t<span class=\"elementor-button-content-wrapper\">\n\t\t\t\t\t\t<span class=\"elementor-button-icon\">\n\t\t\t\t<i aria-hidden=\"true\" class=\"fab fa-whatsapp\"><\/i>\t\t\t<\/span>\n\t\t\t\t\t\t\t\t\t<span class=\"elementor-button-text\">Saber agora<\/span>\n\t\t\t\t\t<\/span>\n\t\t\t\t\t<\/a>\n\t\t\t\t<\/div>\n\t\t\t\t\t\t\t\t<\/div>\n\t\t\t\t<\/div>\n\t\t\t\t<\/div>\n\t\t\t\t\t<\/div>\n\t\t\t\t<\/div>\n\t\t<div class=\"elementor-element elementor-element-221296e7 e-flex e-con-boxed e-con e-parent\" data-id=\"221296e7\" data-element_type=\"container\" data-e-type=\"container\" data-settings=\"{&quot;background_background&quot;:&quot;classic&quot;}\">\n\t\t\t\t\t<div class=\"e-con-inner\">\n\t\t<div class=\"elementor-element elementor-element-44e95a07 e-con-full e-flex e-con e-child\" data-id=\"44e95a07\" data-element_type=\"container\" data-e-type=\"container\">\n\t\t<div class=\"elementor-element elementor-element-60da04e9 e-flex e-con-boxed e-con e-child\" data-id=\"60da04e9\" data-element_type=\"container\" data-e-type=\"container\">\n\t\t\t\t\t<div class=\"e-con-inner\">\n\t\t<div class=\"elementor-element elementor-element-77220614 e-con-full e-flex e-con e-child\" data-id=\"77220614\" data-element_type=\"container\" data-e-type=\"container\">\n\t\t\t\t<div class=\"elementor-element elementor-element-75a7655e elementor-widget elementor-widget-heading\" data-id=\"75a7655e\" data-element_type=\"widget\" data-e-type=\"widget\" data-widget_type=\"heading.default\">\n\t\t\t\t<div class=\"elementor-widget-container\">\n\t\t\t\t\t<h3 class=\"elementor-heading-title elementor-size-default\">Consultoria no  Retalho que Potencia Neg\u00f3cio, Equipa e Presen\u00e7a Aut\u00eantica<\/h3>\t\t\t\t<\/div>\n\t\t\t\t<\/div>\n\t\t\t\t<\/div>\n\t\t<div class=\"elementor-element elementor-element-1904516b e-con-full e-flex e-con e-child\" data-id=\"1904516b\" data-element_type=\"container\" data-e-type=\"container\">\n\t\t\t\t<div class=\"elementor-element elementor-element-15a56038 elementor-align-right elementor-widget elementor-widget-button\" data-id=\"15a56038\" data-element_type=\"widget\" data-e-type=\"widget\" data-widget_type=\"button.default\">\n\t\t\t\t<div class=\"elementor-widget-container\">\n\t\t\t\t\t\t\t\t\t<div class=\"elementor-button-wrapper\">\n\t\t\t\t\t<a class=\"elementor-button elementor-button-link elementor-size-sm\" href=\"https:\/\/3solutions.pt\/agendar-um-diagnostico-gratuito-de-consultoria-em-gestao-e-marketing\/\">\n\t\t\t\t\t\t<span class=\"elementor-button-content-wrapper\">\n\t\t\t\t\t\t\t\t\t<span class=\"elementor-button-text\">Agendar Diagn\u00f3stico Gratuito<\/span>\n\t\t\t\t\t<\/span>\n\t\t\t\t\t<\/a>\n\t\t\t\t<\/div>\n\t\t\t\t\t\t\t\t<\/div>\n\t\t\t\t<\/div>\n\t\t\t\t<\/div>\n\t\t\t\t\t<\/div>\n\t\t\t\t<\/div>\n\t\t<div class=\"elementor-element elementor-element-5dc7c1ec e-flex e-con-boxed e-con e-child\" data-id=\"5dc7c1ec\" data-element_type=\"container\" data-e-type=\"container\">\n\t\t\t\t\t<div class=\"e-con-inner\">\n\t\t<div class=\"elementor-element elementor-element-66d7eeeb e-con-full e-flex e-con e-child\" data-id=\"66d7eeeb\" data-element_type=\"container\" data-e-type=\"container\" data-settings=\"{&quot;background_background&quot;:&quot;slideshow&quot;,&quot;background_slideshow_gallery&quot;:[],&quot;background_slideshow_loop&quot;:&quot;yes&quot;,&quot;background_slideshow_slide_duration&quot;:5000,&quot;background_slideshow_slide_transition&quot;:&quot;fade&quot;,&quot;background_slideshow_transition_duration&quot;:500}\">\n\t\t\t\t<div class=\"elementor-element elementor-element-31a06b2e elementor-widget elementor-widget-heading\" data-id=\"31a06b2e\" data-element_type=\"widget\" data-e-type=\"widget\" data-widget_type=\"heading.default\">\n\t\t\t\t<div class=\"elementor-widget-container\">\n\t\t\t\t\t<h6 class=\"elementor-heading-title elementor-size-default\">01.<\/h6>\t\t\t\t<\/div>\n\t\t\t\t<\/div>\n\t\t\t\t<div class=\"elementor-element elementor-element-30ff6a39 elementor-widget elementor-widget-heading\" data-id=\"30ff6a39\" data-element_type=\"widget\" data-e-type=\"widget\" data-widget_type=\"heading.default\">\n\t\t\t\t<div class=\"elementor-widget-container\">\n\t\t\t\t\t<h4 class=\"elementor-heading-title elementor-size-default\">Imagem Integral e Estrat\u00e9gia Digital:<\/h4>\t\t\t\t<\/div>\n\t\t\t\t<\/div>\n\t\t\t\t<div class=\"elementor-element elementor-element-e9ec9f8 elementor-widget elementor-widget-text-editor\" data-id=\"e9ec9f8\" data-element_type=\"widget\" data-e-type=\"widget\" data-widget_type=\"text-editor.default\">\n\t\t\t\t<div class=\"elementor-widget-container\">\n\t\t\t\t\t\t\t\t\t<p data-start=\"250\" data-end=\"718\">Do estilo pessoal \u00e0 presen\u00e7a online, passando pela an\u00e1lise de cor estrat\u00e9gica e pelo curso \u201cIniciante a Expert em Redes Sociais\u201d, trabalhamos a imagem como um sistema integrado. Acreditamos que o estilo revela quem somos, que a cor comunica antes de falarmos e que a presen\u00e7a digital \u00e9 hoje t\u00e3o importante quanto a presen\u00e7a f\u00edsica. Quando estes tr\u00eas pilares se conectam, a comunica\u00e7\u00e3o torna-se mais clara, a confian\u00e7a cresce e a lideran\u00e7a pessoal ganha outra dimens\u00e3o.<\/p><p data-start=\"720\" data-end=\"1137\">A an\u00e1lise de cor estrat\u00e9gica ajuda a descobrir as tonalidades que potenciam a sua\u00a0 energia, revelam frescura, refor\u00e7am autoridade ou suavizam a presen\u00e7a, consoante o objetivo. O estilo pessoal nasce desta paleta e da sua hist\u00f3ria, traduzindo-se numa imagem que reflete verdade, maturidade e prop\u00f3sito. Depois, levamos essa autenticidade para o online, criando uma presen\u00e7a digital alinhada, coerente e f\u00e1cil de manter.<\/p><p data-start=\"1139\" data-end=\"1514\">O curso \u201cIniciante a Expert em Redes Sociais\u201d complementa este processo, abrindo a porta para reinven\u00e7\u00e3o profissional, mudan\u00e7a de carreira ou simples autonomia digital. Ensina a criar conte\u00fado, comunicar com inten\u00e7\u00e3o, usar ferramentas de IA a seu favor e transformar a suapresen\u00e7a num activo estrat\u00e9gico, seja para si, para o seu neg\u00f3cio ou para a empresa onde trabalha.<\/p><p data-start=\"1516\" data-end=\"1892\">Tudo isto funciona como um ecossistema: a imagem potencia a mensagem, a cor refor\u00e7a a identidade, a estrat\u00e9gia digital d\u00e1 voz \u00e0 autenticidade e o corpo, atrav\u00e9s dos cuidados e suplementa\u00e7\u00e3o adequados, garante bem-estar, energia e consist\u00eancia no dia a dia. Quando estes elementos se unem, surge uma presen\u00e7a que n\u00e3o \u00e9 apenas bonita,\u00a0 \u00e9 forte, consciente e verdadeiramente sua.<\/p>\t\t\t\t\t\t\t\t<\/div>\n\t\t\t\t<\/div>\n\t\t\t\t<div class=\"elementor-element elementor-element-0ccb726 elementor-widget elementor-widget-button\" data-id=\"0ccb726\" data-element_type=\"widget\" data-e-type=\"widget\" data-widget_type=\"button.default\">\n\t\t\t\t<div class=\"elementor-widget-container\">\n\t\t\t\t\t\t\t\t\t<div class=\"elementor-button-wrapper\">\n\t\t\t\t\t<a class=\"elementor-button elementor-button-link elementor-size-sm\" href=\"#\" target=\"_blank\">\n\t\t\t\t\t\t<span class=\"elementor-button-content-wrapper\">\n\t\t\t\t\t\t\t\t\t<span class=\"elementor-button-text\">quero melhorar a minha presen\u00e7a <\/span>\n\t\t\t\t\t<\/span>\n\t\t\t\t\t<\/a>\n\t\t\t\t<\/div>\n\t\t\t\t\t\t\t\t<\/div>\n\t\t\t\t<\/div>\n\t\t\t\t<\/div>\n\t\t<div class=\"elementor-element elementor-element-4e147b8 e-con-full e-flex e-con e-child\" data-id=\"4e147b8\" data-element_type=\"container\" data-e-type=\"container\" data-settings=\"{&quot;background_background&quot;:&quot;slideshow&quot;,&quot;background_slideshow_gallery&quot;:[],&quot;background_slideshow_loop&quot;:&quot;yes&quot;,&quot;background_slideshow_slide_duration&quot;:5000,&quot;background_slideshow_slide_transition&quot;:&quot;fade&quot;,&quot;background_slideshow_transition_duration&quot;:500}\">\n\t\t\t\t<div class=\"elementor-element elementor-element-76dd7297 elementor-widget elementor-widget-heading\" data-id=\"76dd7297\" data-element_type=\"widget\" data-e-type=\"widget\" data-widget_type=\"heading.default\">\n\t\t\t\t<div class=\"elementor-widget-container\">\n\t\t\t\t\t<h6 class=\"elementor-heading-title elementor-size-default\">02.<\/h6>\t\t\t\t<\/div>\n\t\t\t\t<\/div>\n\t\t\t\t<div class=\"elementor-element elementor-element-2b0127a6 elementor-widget elementor-widget-heading\" data-id=\"2b0127a6\" data-element_type=\"widget\" data-e-type=\"widget\" data-widget_type=\"heading.default\">\n\t\t\t\t<div class=\"elementor-widget-container\">\n\t\t\t\t\t<h4 class=\"elementor-heading-title elementor-size-default\">Estrat\u00e9gia, posicionamento, lideran\u00e7a e Employee Advocacy para empreendedoras.\n<\/h4>\t\t\t\t<\/div>\n\t\t\t\t<\/div>\n\t\t\t\t<div class=\"elementor-element elementor-element-646565a4 elementor-widget elementor-widget-text-editor\" data-id=\"646565a4\" data-element_type=\"widget\" data-e-type=\"widget\" data-widget_type=\"text-editor.default\">\n\t\t\t\t<div class=\"elementor-widget-container\">\n\t\t\t\t\t\t\t\t\t<p>\u00a0No Studio\u00a0 C\u2019alma Viva, acreditamos que uma mulher empreendedora lidera primeiro a si mesma antes de liderar um neg\u00f3cio. Por isso, trabalhamos a estrat\u00e9gia, o posicionamento e a lideran\u00e7a como um processo integrado, onde a presen\u00e7a, a comunica\u00e7\u00e3o e a imagem caminham lado a lado. N\u00e3o procuramos apenas criar marcas fortes. Procuramos criar mulheres que se sintam seguras na sua voz, alinhadas com os seus valores e preparadas para se mostrarem ao mundo com clareza e autenticidade.<\/p><p data-start=\"750\" data-end=\"1081\">Ajudamos a construir posicionamentos que fazem sentido, que contam uma hist\u00f3ria verdadeira e que destacam aquilo que realmente\u00a0 diferencia. Cruzamos estrat\u00e9gia de neg\u00f3cio com presen\u00e7a pessoal, imagem com narrativa, e emo\u00e7\u00e3o com clareza. Quando estes elementos se encontram, nasce uma marca viva, coerente e imposs\u00edvel de ignorar.<\/p><p data-start=\"1083\" data-end=\"1266\">A lideran\u00e7a \u00e9 trabalhada de dentro para fora, respeitando o ritmo e a\u00a0 ess\u00eancia. A presen\u00e7a fortalece-se. A comunica\u00e7\u00e3o torna-se mais natural. A decis\u00e3o vem com mais confian\u00e7a.<\/p><p data-start=\"1268\" data-end=\"1576\">E, para quem tem equipas ou comunidades, integramos Employee Advocacy, ensinando como cada pessoa pode tornar-se uma voz ativa e positiva da marca atrav\u00e9s das suas pr\u00f3prias redes. \u00c9 uma forma de amplificar visibilidade, credibilidade e impacto, mas tamb\u00e9m de criar perten\u00e7a, orgulho e humaniza\u00e7\u00e3o no projeto.<\/p><p data-start=\"1578\" data-end=\"1779\">\u00c9 um caminho estrat\u00e9gico, mas tamb\u00e9m profundamente humano. Um processo que liga a identidade pessoal \u00e0 identidade profissional, permitindo que cada neg\u00f3cio cres\u00e7a com a tua verdade e n\u00e3o \u00e0 custa dela.<\/p>\t\t\t\t\t\t\t\t<\/div>\n\t\t\t\t<\/div>\n\t\t\t\t<div class=\"elementor-element elementor-element-d3abaa9 elementor-widget elementor-widget-button\" data-id=\"d3abaa9\" data-element_type=\"widget\" data-e-type=\"widget\" data-widget_type=\"button.default\">\n\t\t\t\t<div class=\"elementor-widget-container\">\n\t\t\t\t\t\t\t\t\t<div class=\"elementor-button-wrapper\">\n\t\t\t\t\t<a class=\"elementor-button elementor-button-link elementor-size-sm\" href=\"#\" target=\"_blank\">\n\t\t\t\t\t\t<span class=\"elementor-button-content-wrapper\">\n\t\t\t\t\t\t\t\t\t<span class=\"elementor-button-text\">Quero fortalecer o meu neg\u00f3cio <\/span>\n\t\t\t\t\t<\/span>\n\t\t\t\t\t<\/a>\n\t\t\t\t<\/div>\n\t\t\t\t\t\t\t\t<\/div>\n\t\t\t\t<\/div>\n\t\t\t\t<\/div>\n\t\t<div class=\"elementor-element elementor-element-77711f9f e-con-full e-flex e-con e-child\" data-id=\"77711f9f\" data-element_type=\"container\" data-e-type=\"container\" data-settings=\"{&quot;background_background&quot;:&quot;slideshow&quot;,&quot;background_slideshow_gallery&quot;:[],&quot;background_slideshow_loop&quot;:&quot;yes&quot;,&quot;background_slideshow_slide_duration&quot;:5000,&quot;background_slideshow_slide_transition&quot;:&quot;fade&quot;,&quot;background_slideshow_transition_duration&quot;:500}\">\n\t\t\t\t<div class=\"elementor-element elementor-element-2a25bb53 elementor-widget elementor-widget-heading\" data-id=\"2a25bb53\" data-element_type=\"widget\" data-e-type=\"widget\" data-widget_type=\"heading.default\">\n\t\t\t\t<div class=\"elementor-widget-container\">\n\t\t\t\t\t<h6 class=\"elementor-heading-title elementor-size-default\">03.<\/h6>\t\t\t\t<\/div>\n\t\t\t\t<\/div>\n\t\t\t\t<div class=\"elementor-element elementor-element-38aed551 elementor-widget elementor-widget-heading\" data-id=\"38aed551\" data-element_type=\"widget\" data-e-type=\"widget\" data-widget_type=\"heading.default\">\n\t\t\t\t<div class=\"elementor-widget-container\">\n\t\t\t\t\t<h4 class=\"elementor-heading-title elementor-size-default\"><a href=\"https:\/\/www.zinzino.com\/2020247757\/pt\/en-gb\/\" target=\"_blank\">Cuidado Integral do Corpo<\/a><\/h4>\t\t\t\t<\/div>\n\t\t\t\t<\/div>\n\t\t\t\t<div class=\"elementor-element elementor-element-4577f393 elementor-widget elementor-widget-text-editor\" data-id=\"4577f393\" data-element_type=\"widget\" data-e-type=\"widget\" data-widget_type=\"text-editor.default\">\n\t\t\t\t<div class=\"elementor-widget-container\">\n\t\t\t\t\t\t\t\t\t<p>Nutri\u00e7\u00e3o e suplementa\u00e7\u00e3o como complemento \u00e0 transforma\u00e7\u00e3o pessoal.<\/p><div class=\"flex flex-col text-sm @w-xl\/main:pt-header-height pb-25\"><article class=\"text-token-text-primary w-full focus:outline-none [--shadow-height:45px] has-data-writing-block:pointer-events-none has-data-writing-block:-mt-(--shadow-height) has-data-writing-block:pt-(--shadow-height) [&amp;:has([data-writing-block])&gt;*]:pointer-events-auto scroll-mt-[calc(var(--header-height)+min(200px,max(70px,20svh)))]\" dir=\"auto\" tabindex=\"-1\" data-turn-id=\"request-693a02bc-43f8-8331-a7a0-0efc129d0037-5\" data-testid=\"conversation-turn-110\" data-scroll-anchor=\"true\" data-turn=\"assistant\"><div class=\"text-base my-auto mx-auto pb-10 [--thread-content-margin:--spacing(4)] @w-sm\/main:[--thread-content-margin:--spacing(6)] @w-lg\/main:[--thread-content-margin:--spacing(16)] px-(--thread-content-margin)\"><div class=\"[--thread-content-max-width:40rem] @w-lg\/main:[--thread-content-max-width:48rem] mx-auto max-w-(--thread-content-max-width) flex-1 group\/turn-messages focus-visible:outline-hidden relative flex w-full min-w-0 flex-col agent-turn\" tabindex=\"-1\"><div class=\"flex max-w-full flex-col grow\"><div class=\"min-h-8 text-message relative flex w-full flex-col items-end gap-2 text-start break-words whitespace-normal [.text-message+&amp;]:mt-1\" dir=\"auto\" data-message-author-role=\"assistant\" data-message-id=\"ab0e689d-a0fc-4529-a09a-326b75a1250f\" data-message-model-slug=\"gpt-5-1\"><div class=\"flex w-full flex-col gap-1 empty:hidden first:pt-[1px]\"><div class=\"markdown prose dark:prose-invert w-full break-words light markdown-new-styling\"><p data-start=\"243\" data-end=\"558\">Cuidar da imagem come\u00e7a no exterior, mas sustenta-se no interior. No C\u2019alma Viva, integramos a nutri\u00e7\u00e3o e a suplementa\u00e7\u00e3o como parte natural do processo de transforma\u00e7\u00e3o pessoal, porque acreditamos que presen\u00e7a, energia e clareza mental dependem tanto do que usamos na pele como do que damos ao corpo todos os dias.<\/p><p data-start=\"560\" data-end=\"933\">Trabalhamos com base num teste cient\u00edfico que avalia o equil\u00edbrio interno e identifica necessidades reais do organismo. A partir da\u00ed, cada pessoa recebe recomenda\u00e7\u00f5es personalizadas, que apoiam vitalidade, foco, equil\u00edbrio hormonal e gest\u00e3o emocional. N\u00e3o se trata de suplementar por suplementar, mas sim de devolver ao corpo o que ele precisa para funcionar no seu melhor.<\/p><p data-start=\"935\" data-end=\"1264\">Quando o corpo est\u00e1 nutrido, a pele ilumina, a postura muda, a energia sobe e a confian\u00e7a cresce. E isso reflete-se diretamente na imagem, na presen\u00e7a profissional, na forma como nos mostramos nas redes e at\u00e9 na forma como lideramos. \u00c9 um cuidado silencioso, mas decisivo, que refor\u00e7a todas as outras \u00e1reas do C\u2019alma Viva Studio.<\/p><p data-start=\"1266\" data-end=\"1487\" data-is-last-node=\"\" data-is-only-node=\"\">Este apoio nutricional integra-se de forma leve e natural com os restantes servi\u00e7os, porque quando o interior e o exterior caminham juntos, a transforma\u00e7\u00e3o deixa de ser est\u00e9tica e passa a ser completa, real e sustent\u00e1vel.<\/p><\/div><\/div><\/div><\/div><div class=\"z-0 flex min-h-[46px] justify-start\">\u00a0<\/div><div class=\"mt-3 w-full empty:hidden\"><div class=\"text-center\">\u00a0<\/div><\/div><\/div><\/div><\/article><\/div><div class=\"pointer-events-none h-px w-px absolute bottom-0\" aria-hidden=\"true\" data-edge=\"true\">\u00a0<\/div>\t\t\t\t\t\t\t\t<\/div>\n\t\t\t\t<\/div>\n\t\t\t\t<div class=\"elementor-element elementor-element-90c656f elementor-widget elementor-widget-button\" data-id=\"90c656f\" data-element_type=\"widget\" data-e-type=\"widget\" data-widget_type=\"button.default\">\n\t\t\t\t<div class=\"elementor-widget-container\">\n\t\t\t\t\t\t\t\t\t<div class=\"elementor-button-wrapper\">\n\t\t\t\t\t<a class=\"elementor-button elementor-button-link elementor-size-sm\" href=\"https:\/\/www.zinzino.com\/2020247757\/pt\/en-gb\/\">\n\t\t\t\t\t\t<span class=\"elementor-button-content-wrapper\">\n\t\t\t\t\t\t\t\t\t<span class=\"elementor-button-text\">quero cuidar do meu Corpo <\/span>\n\t\t\t\t\t<\/span>\n\t\t\t\t\t<\/a>\n\t\t\t\t<\/div>\n\t\t\t\t\t\t\t\t<\/div>\n\t\t\t\t<\/div>\n\t\t\t\t<\/div>\n\t\t<div class=\"elementor-element elementor-element-1edbebfc e-con-full e-flex e-con e-child\" data-id=\"1edbebfc\" data-element_type=\"container\" data-e-type=\"container\" data-settings=\"{&quot;background_background&quot;:&quot;slideshow&quot;,&quot;background_slideshow_gallery&quot;:[],&quot;background_slideshow_loop&quot;:&quot;yes&quot;,&quot;background_slideshow_slide_duration&quot;:5000,&quot;background_slideshow_slide_transition&quot;:&quot;fade&quot;,&quot;background_slideshow_transition_duration&quot;:500}\">\n\t\t\t\t<div class=\"elementor-element elementor-element-74457ab8 elementor-widget elementor-widget-heading\" data-id=\"74457ab8\" data-element_type=\"widget\" data-e-type=\"widget\" data-widget_type=\"heading.default\">\n\t\t\t\t<div class=\"elementor-widget-container\">\n\t\t\t\t\t<h6 class=\"elementor-heading-title elementor-size-default\">04.<\/h6>\t\t\t\t<\/div>\n\t\t\t\t<\/div>\n\t\t\t\t<div class=\"elementor-element elementor-element-47e09d6b elementor-widget elementor-widget-heading\" data-id=\"47e09d6b\" data-element_type=\"widget\" data-e-type=\"widget\" data-widget_type=\"heading.default\">\n\t\t\t\t<div class=\"elementor-widget-container\">\n\t\t\t\t\t<h4 class=\"elementor-heading-title elementor-size-default\">Sess\u00f5es Individuais C\u2019alma Viva<\/h4>\t\t\t\t<\/div>\n\t\t\t\t<\/div>\n\t\t\t\t<div class=\"elementor-element elementor-element-56262c06 elementor-widget elementor-widget-text-editor\" data-id=\"56262c06\" data-element_type=\"widget\" data-e-type=\"widget\" data-widget_type=\"text-editor.default\">\n\t\t\t\t<div class=\"elementor-widget-container\">\n\t\t\t\t\t\t\t\t\t<p>Coaching e hipnose terap\u00eautica para reconex\u00e3o, lideran\u00e7a e presen\u00e7a.<\/p><p data-start=\"214\" data-end=\"585\">O coaching e a hipnose terap\u00eautica no C\u2019alma Viva n\u00e3o s\u00e3o ferramentas isoladas. S\u00e3o caminhos de regresso a si. Caminhos que\u00a0 ajudam a perceber onde est\u00e1, o que te bloqueia, o que ainda d\u00f3i e o que j\u00e1 pede espa\u00e7o para crescer. Trabalhamos a reconex\u00e3o interna de forma simples, segura e profunda, respeitando o\u00a0 ritmo e honrando quem \u00e9 hoje e quem est\u00e1 a tornar-se.<\/p><p data-start=\"587\" data-end=\"802\">O coaching d\u00e1 clareza, dire\u00e7\u00e3o e foco. Traz consci\u00eancia para os padr\u00f5es, cren\u00e7as e escolhas que moldam a sua vida e o seu trabalho. Abre espa\u00e7o para decis\u00f5es alinhadas e para uma lideran\u00e7a mais humana e intencional.<\/p><p data-start=\"804\" data-end=\"1134\">A hipnose terap\u00eautica atua onde a mente consciente n\u00e3o chega. Acede ao inconsciente para libertar medos, inseguran\u00e7as, autoimagem distorcida, hist\u00f3rias antigas e emo\u00e7\u00f5es que se acumulam com o tempo. Muitas mulheres chegam aqui a sentir que perderam a voz, a energia ou o sentido. E \u00e9 neste espa\u00e7o seguro que voltam a encontr\u00e1-los.<\/p><p data-start=\"1136\" data-end=\"1398\">Quando juntamos coaching e hipnose, a presen\u00e7a transforma-se. A forma como se v\u00easmuda. A forma como se mostra ao mundo torna-se mais leve e verdadeira. Isto reflete-se na lideran\u00e7a, nas rela\u00e7\u00f5es, na comunica\u00e7\u00e3o e na sua imagem, tanto pessoal como profissional.<\/p><p data-start=\"1400\" data-end=\"1685\" data-is-last-node=\"\" data-is-only-node=\"\">\u00c9 um processo de limpeza, reconstru\u00e7\u00e3o e fortalecimento interno. E \u00e9 essa reconex\u00e3o que sustenta todas as outras dimens\u00f5es do C\u2019alma Viva Studio: a imagem, a cor, o estilo, a estrat\u00e9gia digital e at\u00e9 o bem-estar f\u00edsico. Porque quando a mulher volta a si, tudo o resto come\u00e7a a alinhar.<\/p>\t\t\t\t\t\t\t\t<\/div>\n\t\t\t\t<\/div>\n\t\t\t\t<div class=\"elementor-element elementor-element-471a34b elementor-widget elementor-widget-button\" data-id=\"471a34b\" data-element_type=\"widget\" data-e-type=\"widget\" data-widget_type=\"button.default\">\n\t\t\t\t<div class=\"elementor-widget-container\">\n\t\t\t\t\t\t\t\t\t<div class=\"elementor-button-wrapper\">\n\t\t\t\t\t<a class=\"elementor-button elementor-button-link elementor-size-sm\" href=\"#\" target=\"_blank\">\n\t\t\t\t\t\t<span class=\"elementor-button-content-wrapper\">\n\t\t\t\t\t\t\t\t\t<span class=\"elementor-button-text\">Quero agendar a minha sess\u00e3o <\/span>\n\t\t\t\t\t<\/span>\n\t\t\t\t\t<\/a>\n\t\t\t\t<\/div>\n\t\t\t\t\t\t\t\t<\/div>\n\t\t\t\t<\/div>\n\t\t\t\t<\/div>\n\t\t\t\t\t<\/div>\n\t\t\t\t<\/div>\n\t\t<div class=\"elementor-element elementor-element-1f620ea3 e-flex e-con-boxed e-con e-child\" data-id=\"1f620ea3\" data-element_type=\"container\" data-e-type=\"container\">\n\t\t\t\t\t<div class=\"e-con-inner\">\n\t\t<div class=\"elementor-element elementor-element-37293dc0 e-con-full e-flex e-con e-child\" data-id=\"37293dc0\" data-element_type=\"container\" data-e-type=\"container\">\n\t\t\t\t<div class=\"elementor-element elementor-element-37714a61 elementor-widget elementor-widget-heading\" data-id=\"37714a61\" data-element_type=\"widget\" data-e-type=\"widget\" data-widget_type=\"heading.default\">\n\t\t\t\t<div class=\"elementor-widget-container\">\n\t\t\t\t\t<h6 class=\"elementor-heading-title elementor-size-default\">05.<\/h6>\t\t\t\t<\/div>\n\t\t\t\t<\/div>\n\t\t\t\t<div class=\"elementor-element elementor-element-105ab293 elementor-widget elementor-widget-heading\" data-id=\"105ab293\" data-element_type=\"widget\" data-e-type=\"widget\" data-widget_type=\"heading.default\">\n\t\t\t\t<div class=\"elementor-widget-container\">\n\t\t\t\t\t<h4 class=\"elementor-heading-title elementor-size-default\">Ativa\u00e7\u00f5es de Marca e Parcerias Profissionais<\/h4>\t\t\t\t<\/div>\n\t\t\t\t<\/div>\n\t\t\t\t<div class=\"elementor-element elementor-element-4be0287d elementor-widget elementor-widget-text-editor\" data-id=\"4be0287d\" data-element_type=\"widget\" data-e-type=\"widget\" data-widget_type=\"text-editor.default\">\n\t\t\t\t<div class=\"elementor-widget-container\">\n\t\t\t\t\t\t\t\t\t<p data-start=\"438\" data-end=\"507\">qui, a cor estrat\u00e9gica e o estilo integral s\u00e3o a porta de entrada.<\/p><p data-start=\"509\" data-end=\"789\">No C\u2019alma Viva Studio, as ativa\u00e7\u00f5es de marca come\u00e7am sempre pelo mesmo ponto: a experi\u00eancia estrat\u00e9gica de estilo e cor. Esta \u00e9 a porta de entrada porque cria uma liga\u00e7\u00e3o imediata, sensorial e altamente personalizada entre a pessoa, a marca e a mensagem que queremos transmitir.<\/p><p data-start=\"791\" data-end=\"1034\">A an\u00e1lise de cor estrat\u00e9gica n\u00e3o \u00e9 apenas est\u00e9tica; transforma perce\u00e7\u00e3o, cria emo\u00e7\u00e3o e diferencia a experi\u00eancia. Integrada com imagem integral, mostra como cor, estilo e presen\u00e7a refor\u00e7am identidade pessoal e amplificam a narrativa da marca.<\/p><p data-start=\"1036\" data-end=\"1060\"><strong data-start=\"1036\" data-end=\"1058\">Exemplos pr\u00e1ticos:<\/strong><\/p><p data-start=\"1036\" data-end=\"1060\"><strong style=\"font-style: inherit;\" data-start=\"1063\" data-end=\"1082\">Marca de \u00f3culos<\/strong><span style=\"font-style: inherit; font-weight: inherit;\"> \u2013 cada cliente descobre cores e formatos que valorizam o rosto, tornando a experi\u00eancia de compra memor\u00e1vel.<\/span><\/p><p data-start=\"1036\" data-end=\"1060\"><strong style=\"font-style: inherit;\" data-start=\"1195\" data-end=\"1212\">Lojas de moda<\/strong><span style=\"font-style: inherit; font-weight: inherit;\"> \u2013 equipas aprendem a usar cores e estilos para refor\u00e7ar presen\u00e7a profissional e identidade da marca.<\/span><\/p><p data-start=\"1036\" data-end=\"1060\"><strong style=\"font-style: inherit;\" data-start=\"1318\" data-end=\"1361\">Marcas de beleza, est\u00e9tica ou bem-estar<\/strong><span style=\"font-style: inherit; font-weight: inherit;\"> \u2013 clientes vivem momentos personalizados combinando imagem, cor e cuidado est\u00e9tico.<\/span><\/p><p data-start=\"1036\" data-end=\"1060\"><strong style=\"font-style: inherit;\" data-start=\"1450\" data-end=\"1508\">Eventos corporativos e ativa\u00e7\u00f5es em centros comerciais<\/strong><span style=\"font-style: inherit; font-weight: inherit;\"> \u2013 experi\u00eancias r\u00e1pidas e impactantes de cor e estilo atraem e envolvem o p\u00fablico.<\/span><\/p><p data-start=\"1036\" data-end=\"1060\"><strong style=\"font-style: inherit;\" data-start=\"1595\" data-end=\"1629\">Fot\u00f3grafos e empresas de v\u00eddeo<\/strong><span style=\"font-style: inherit; font-weight: inherit;\"> \u2013 sess\u00f5es que mostram autenticidade e personalidade, ideais para branding pessoal e corporativo.<\/span><\/p><p data-start=\"1036\" data-end=\"1060\"><strong style=\"font-style: inherit;\" data-start=\"1731\" data-end=\"1762\">Empresas de casting e media<\/strong><span style=\"font-style: inherit; font-weight: inherit;\">\u00a0<\/span><\/p><p data-start=\"1036\" data-end=\"1060\"><span style=\"font-style: inherit; font-weight: inherit;\">Cor e estilo como ferramentas de posicionamento em processos de sele\u00e7\u00e3o e apresenta\u00e7\u00f5es profissionais.<\/span><\/p><p data-start=\"1871\" data-end=\"2110\">Tudo come\u00e7a aqui porque a cor toca a identidade, o estilo traduz a narrativa e a imagem integral cria coer\u00eancia.\u00a0<\/p><p data-start=\"1871\" data-end=\"2110\">A partir deste ponto, abrimos caminho para <strong data-start=\"2027\" data-end=\"2107\">workshops, consultoria estrat\u00e9gica e a\u00e7\u00f5es cont\u00ednuas de presen\u00e7a e lideran\u00e7a<\/strong>.<\/p>\t\t\t\t\t\t\t\t<\/div>\n\t\t\t\t<\/div>\n\t\t\t\t<div class=\"elementor-element elementor-element-aff2e8e elementor-widget elementor-widget-button\" data-id=\"aff2e8e\" data-element_type=\"widget\" data-e-type=\"widget\" data-widget_type=\"button.default\">\n\t\t\t\t<div class=\"elementor-widget-container\">\n\t\t\t\t\t\t\t\t\t<div class=\"elementor-button-wrapper\">\n\t\t\t\t\t<a class=\"elementor-button elementor-button-link elementor-size-sm\" href=\"#\" target=\"_blank\">\n\t\t\t\t\t\t<span class=\"elementor-button-content-wrapper\">\n\t\t\t\t\t\t\t\t\t<span class=\"elementor-button-text\">Quero saber mais <\/span>\n\t\t\t\t\t<\/span>\n\t\t\t\t\t<\/a>\n\t\t\t\t<\/div>\n\t\t\t\t\t\t\t\t<\/div>\n\t\t\t\t<\/div>\n\t\t\t\t<\/div>\n\t\t<div class=\"elementor-element elementor-element-2bfab2a1 e-con-full e-flex e-con e-child\" data-id=\"2bfab2a1\" data-element_type=\"container\" data-e-type=\"container\">\n\t\t\t\t<div class=\"elementor-element elementor-element-4e2f33e2 elementor-widget elementor-widget-heading\" data-id=\"4e2f33e2\" data-element_type=\"widget\" data-e-type=\"widget\" data-widget_type=\"heading.default\">\n\t\t\t\t<div class=\"elementor-widget-container\">\n\t\t\t\t\t<h6 class=\"elementor-heading-title elementor-size-default\">06.<\/h6>\t\t\t\t<\/div>\n\t\t\t\t<\/div>\n\t\t\t\t<div class=\"elementor-element elementor-element-417860df elementor-widget__width-initial elementor-widget elementor-widget-heading\" data-id=\"417860df\" data-element_type=\"widget\" data-e-type=\"widget\" data-widget_type=\"heading.default\">\n\t\t\t\t<div class=\"elementor-widget-container\">\n\t\t\t\t\t<h4 class=\"elementor-heading-title elementor-size-default\">Workshops e Forma\u00e7\u00f5es para Empresas<\/h4>\t\t\t\t<\/div>\n\t\t\t\t<\/div>\n\t\t\t\t<div class=\"elementor-element elementor-element-2b6922df elementor-widget elementor-widget-text-editor\" data-id=\"2b6922df\" data-element_type=\"widget\" data-e-type=\"widget\" data-widget_type=\"text-editor.default\">\n\t\t\t\t<div class=\"elementor-widget-container\">\n\t\t\t\t\t\t\t\t\t<p data-start=\"664\" data-end=\"932\"><strong>Presen\u00e7a, estilo, Employee Advocacy-<\/strong>Presen\u00e7a Aut\u00eantica e Impacto no Retalho.<\/p><p data-start=\"664\" data-end=\"932\"><strong>Workshops dispon\u00edveis\u00a0<\/strong><br data-start=\"707\" data-end=\"710\" \/>que capacitam cada colaborador a comunicar confian\u00e7a e autenticidade no atendimento, fortalecendo a experi\u00eancia de loja e a rela\u00e7\u00e3o com o cliente. Inclui estrat\u00e9gias de comportamento, comunica\u00e7\u00e3o e alinhamento com a marca.<\/p><p data-start=\"937\" data-end=\"1198\"><strong data-start=\"937\" data-end=\"985\">Imagem Integral e An\u00e1lise de Cor Estrat\u00e9gica<\/strong><br data-start=\"985\" data-end=\"988\" \/>Descobrir como cores e estilo pessoal podem potenciar a imagem da equipa e da marca. Inclui experi\u00eancias pr\u00e1ticas de an\u00e1lise de cor e estilo, aplic\u00e1veis no dia a dia profissional e no contacto com clientes.<\/p><p data-start=\"1203\" data-end=\"1409\"><strong data-start=\"1203\" data-end=\"1243\">Employee Advocacy e Presen\u00e7a Digital<\/strong><br data-start=\"1243\" data-end=\"1246\" \/>Forma\u00e7\u00e3o pr\u00e1tica para que cada membro da equipa se torne um embaixador da marca nas suas redes pessoais, comunicando de forma genu\u00edna, coerente e inspiradora.<\/p><p data-start=\"1414\" data-end=\"1689\"><strong data-start=\"1414\" data-end=\"1459\">\u00c0 Descoberta do Seu Estilo Comportamental<\/strong><br data-start=\"1459\" data-end=\"1462\" \/>Workshop interativo que combina estilo pessoal e perfil comportamental, baseado na an\u00e1lise\u00a0 DISC\u00a0 com relat\u00f3rio completo de 27 p\u00e1ginas, permitindo compreender como cada colaborador se expressa, se relaciona e lidera em contexto profissional.<\/p><p data-start=\"1694\" data-end=\"2063\"><strong data-start=\"1694\" data-end=\"1739\">Curso &#8221; De Iniciante a Expert em Redes Sociais&#8221;<\/strong><br data-start=\"1739\" data-end=\"1742\" \/>Forma\u00e7\u00e3o pr\u00e1tica para equipas ou individuais, focada na gest\u00e3o estrat\u00e9gica de redes sociais. Pode ser utilizada para desenvolvimento profissional, mudan\u00e7a de carreira ou como complemento \u00e0 presen\u00e7a digital pessoal ou da empresa. Inclui planeamento de conte\u00fado, ferramentas digitais, comunica\u00e7\u00e3o com inten\u00e7\u00e3o e integra\u00e7\u00e3o de IA.<\/p><p data-start=\"2065\" data-end=\"2099\"><strong data-start=\"2065\" data-end=\"2097\">Benef\u00edcios para as empresas:<\/strong><\/p><p data-start=\"2102\" data-end=\"2183\"><strong>Fortalecimento da imagem<\/strong> corporativa atrav\u00e9s da presen\u00e7a consistente da equipa.<\/p><p data-start=\"2186\" data-end=\"2237\"><strong>Melhoria da comunica\u00e7\u00e3o<\/strong> e experi\u00eancia do cliente.<\/p><p data-start=\"2240\" data-end=\"2313\"><strong>Equipas mais motivadas<\/strong>, confiantes e alinhadas com os valores da marca.<\/p><p data-start=\"2316\" data-end=\"2381\"><strong>Integra\u00e7\u00e3o da estrat\u00e9gia digital<\/strong> com a imagem e estilo pessoal.<\/p><p data-start=\"2384\" data-end=\"2465\"><strong>Transforma\u00e7\u00e3o da presen\u00e7a<\/strong> da marca atrav\u00e9s de cada colaborador como embaixador.<\/p><p data-start=\"2467\" data-end=\"2673\"><strong data-start=\"2467\" data-end=\"2479\">Formato:<\/strong><br data-start=\"2479\" data-end=\"2482\" \/>Os <strong>workshops<\/strong> podem ser <strong>presenciais<\/strong> ou<strong> online<\/strong>, modulados conforme as necessidades da empresa, dura\u00e7\u00e3o vari\u00e1vel entre sess\u00f5es r\u00e1pidas de 2h ou programas completos ao longo de dias ou semanas.<\/p>\t\t\t\t\t\t\t\t<\/div>\n\t\t\t\t<\/div>\n\t\t\t\t<div class=\"elementor-element elementor-element-3c42c48 elementor-widget elementor-widget-button\" data-id=\"3c42c48\" data-element_type=\"widget\" data-e-type=\"widget\" data-widget_type=\"button.default\">\n\t\t\t\t<div class=\"elementor-widget-container\">\n\t\t\t\t\t\t\t\t\t<div class=\"elementor-button-wrapper\">\n\t\t\t\t\t<a class=\"elementor-button elementor-button-link elementor-size-sm\" href=\"#\" target=\"_blank\">\n\t\t\t\t\t\t<span class=\"elementor-button-content-wrapper\">\n\t\t\t\t\t\t\t\t\t<span class=\"elementor-button-text\">Quero marcar um Workshop<\/span>\n\t\t\t\t\t<\/span>\n\t\t\t\t\t<\/a>\n\t\t\t\t<\/div>\n\t\t\t\t\t\t\t\t<\/div>\n\t\t\t\t<\/div>\n\t\t\t\t<\/div>\n\t\t<div class=\"elementor-element elementor-element-30df4cdc e-con-full e-flex e-con e-child\" data-id=\"30df4cdc\" data-element_type=\"container\" data-e-type=\"container\">\n\t\t\t\t<div class=\"elementor-element elementor-element-4a986158 elementor-widget__width-initial elementor-widget elementor-widget-heading\" data-id=\"4a986158\" data-element_type=\"widget\" data-e-type=\"widget\" data-widget_type=\"heading.default\">\n\t\t\t\t<div class=\"elementor-widget-container\">\n\t\t\t\t\t<h4 class=\"elementor-heading-title elementor-size-default\">Parcerias Estrat\u00e9gicas<\/h4>\t\t\t\t<\/div>\n\t\t\t\t<\/div>\n\t\t\t\t<div class=\"elementor-element elementor-element-52d714ec elementor-widget__width-initial elementor-widget elementor-widget-text-editor\" data-id=\"52d714ec\" data-element_type=\"widget\" data-e-type=\"widget\" data-widget_type=\"text-editor.default\">\n\t\t\t\t<div class=\"elementor-widget-container\">\n\t\t\t\t\t\t\t\t\t<p data-start=\"2193\" data-end=\"2503\">No C\u2019alma Viva Studio, constru\u00edmos parcerias duradouras que enriquecem a experi\u00eancia do cliente, ampliam a presen\u00e7a da marca e criam oportunidades de crescimento para todos os envolvidos.\u00a0<\/p><p data-start=\"2193\" data-end=\"2503\">Cada parceria \u00e9 pensada para gerar valor m\u00fatuo, combinando <strong data-start=\"2440\" data-end=\"2500\">imagem integral, presen\u00e7a e desenvolvimento profissional<\/strong>.<\/p><p data-start=\"2193\" data-end=\"2503\"><strong style=\"font-style: inherit;\" data-start=\"2507\" data-end=\"2551\">Cl\u00ednicas de est\u00e9tica e medicina est\u00e9tica<\/strong><span style=\"font-style: inherit; font-weight: inherit;\"> \u2013 sess\u00f5es one-to-one que integram cuidados est\u00e9ticos e desenvolvimento de imagem, potenciando confian\u00e7a, bem-estar e presen\u00e7a.<\/span><\/p><p data-start=\"2193\" data-end=\"2503\"><strong style=\"font-style: inherit;\" data-start=\"2683\" data-end=\"2703\">Wedding Planners<\/strong><span style=\"font-style: inherit; font-weight: inherit;\">\u00a0<\/span><\/p><p data-start=\"2193\" data-end=\"2503\"><span style=\"font-style: inherit; font-weight: inherit;\">consultoria de imagem integral para noivas, noivos e familiares, alinhando estilo, cor, postura e presen\u00e7a para eventos memor\u00e1veis e coerentes.<\/span><\/p><p data-start=\"2193\" data-end=\"2503\"><strong style=\"font-style: inherit;\" data-start=\"2854\" data-end=\"2900\">Fot\u00f3grafos e empresas de v\u00eddeo corporativo<\/strong><span style=\"font-style: inherit; font-weight: inherit;\"> \u2013 cria\u00e7\u00e3o de conte\u00fados aut\u00eanticos e estrat\u00e9gicos, alinhados com a identidade da marca e presen\u00e7a digital de colaboradores e clientes.<\/span><\/p><p data-start=\"2193\" data-end=\"2503\"><strong style=\"font-style: inherit;\" data-start=\"3039\" data-end=\"3062\">Empresas de casting<\/strong><span style=\"font-style: inherit; font-weight: inherit;\"> \u2013 liga\u00e7\u00e3o direta entre imagem, presen\u00e7a e oportunidades profissionais, potenciando carreiras em moda, publicidade e media.<\/span><\/p><p data-start=\"2193\" data-end=\"2503\"><strong style=\"font-style: inherit;\" data-start=\"3190\" data-end=\"3227\">Workshops em eventos corporativos<\/strong><span style=\"font-style: inherit; font-weight: inherit;\"> \u2013 experi\u00eancias pr\u00e1ticas e inspiradoras, levando a imagem integral e o estilo estrat\u00e9gico diretamente \u00e0s equipas e participantes.<\/span><\/p><p data-start=\"2193\" data-end=\"2503\"><strong style=\"font-style: inherit;\" data-start=\"3361\" data-end=\"3395\">Rubricas em TV e media digital<\/strong><span style=\"font-style: inherit; font-weight: inherit;\"> \u2013 participa\u00e7\u00e3o como especialista, mostrando t\u00e9cnicas de imagem, estilo e presen\u00e7a de forma pr\u00e1tica, refor\u00e7ando autoridade e visibilidade da marca.<\/span><\/p>\t\t\t\t\t\t\t\t<\/div>\n\t\t\t\t<\/div>\n\t\t\t\t<div class=\"elementor-element elementor-element-743e78a elementor-widget elementor-widget-button\" data-id=\"743e78a\" data-element_type=\"widget\" data-e-type=\"widget\" data-widget_type=\"button.default\">\n\t\t\t\t<div class=\"elementor-widget-container\">\n\t\t\t\t\t\t\t\t\t<div class=\"elementor-button-wrapper\">\n\t\t\t\t\t<a class=\"elementor-button elementor-button-link elementor-size-sm\" href=\"#\" target=\"_blank\">\n\t\t\t\t\t\t<span class=\"elementor-button-content-wrapper\">\n\t\t\t\t\t\t\t\t\t<span class=\"elementor-button-text\">Quero fazer uma parceria <\/span>\n\t\t\t\t\t<\/span>\n\t\t\t\t\t<\/a>\n\t\t\t\t<\/div>\n\t\t\t\t\t\t\t\t<\/div>\n\t\t\t\t<\/div>\n\t\t\t\t<\/div>\n\t\t<div class=\"elementor-element elementor-element-46f73016 e-con-full e-flex e-con e-child\" data-id=\"46f73016\" data-element_type=\"container\" data-e-type=\"container\">\n\t\t\t\t<div class=\"elementor-element elementor-element-6bf1f1bb elementor-widget elementor-widget-heading\" data-id=\"6bf1f1bb\" data-element_type=\"widget\" data-e-type=\"widget\" data-widget_type=\"heading.default\">\n\t\t\t\t<div class=\"elementor-widget-container\">\n\t\t\t\t\t<h6 class=\"elementor-heading-title elementor-size-default\">08.<\/h6>\t\t\t\t<\/div>\n\t\t\t\t<\/div>\n\t\t\t\t<div class=\"elementor-element elementor-element-75dca6d2 elementor-widget elementor-widget-heading\" data-id=\"75dca6d2\" data-element_type=\"widget\" data-e-type=\"widget\" data-widget_type=\"heading.default\">\n\t\t\t\t<div class=\"elementor-widget-container\">\n\t\t\t\t\t<h4 class=\"elementor-heading-title elementor-size-default\">QUIZ  de estilo pessoal e Comportamental <\/h4>\t\t\t\t<\/div>\n\t\t\t\t<\/div>\n\t\t\t\t<div class=\"elementor-element elementor-element-7036d3f elementor-widget elementor-widget-text-editor\" data-id=\"7036d3f\" data-element_type=\"widget\" data-e-type=\"widget\" data-widget_type=\"text-editor.default\">\n\t\t\t\t<div class=\"elementor-widget-container\">\n\t\t\t\t\t\t\t\t\t<p data-start=\"198\" data-end=\"572\">O C\u2019alma Viva Studio oferece uma ferramenta inovadora para descobrir o estilo comportamental e pessoal de cada colaborador, promovendo autoconhecimento, melhor intera\u00e7\u00e3o com clientes e fortalecimento das equipas. Este quiz combina an\u00e1lise de estilo pessoal com perfil comportamental, criando uma vis\u00e3o completa da forma como cada pessoa se comunica, se relaciona e lidera.<\/p><p data-start=\"574\" data-end=\"593\"><strong data-start=\"574\" data-end=\"591\">O que inclui:<\/strong><\/p><p data-start=\"596\" data-end=\"768\"><strong data-start=\"596\" data-end=\"632\">Teste de estilo pessoal gratuito<\/strong> \u2013 uma primeira experi\u00eancia de descoberta, permitindo que cada participante compreenda o seu estilo b\u00e1sico e a sua forma de intera\u00e7\u00e3o.<\/p><p data-start=\"771\" data-end=\"956\"><strong data-start=\"771\" data-end=\"814\">Teste de estilo comportamental completo<\/strong> \u2013 identifica o perfil \u00fanico de cada participante, relacionando-o com quatro estilos principais: Cl\u00e1ssico, Criativo, Rom\u00e2ntico e Relacional.<\/p><p data-start=\"959\" data-end=\"1113\"><strong data-start=\"959\" data-end=\"982\">Feedback individual<\/strong> \u2013 sess\u00f5es de interpreta\u00e7\u00e3o e aconselhamento para compreender pontos fortes, \u00e1reas de desenvolvimento e estrat\u00e9gias de intera\u00e7\u00e3o.<\/p><p data-start=\"1116\" data-end=\"1285\"><strong data-start=\"1116\" data-end=\"1152\">Relat\u00f3rio completo de 27 p\u00e1ginas<\/strong> \u2013 detalha estilo perfil comportamental, padr\u00f5es de comunica\u00e7\u00e3o e sugest\u00f5es de aplica\u00e7\u00e3o pr\u00e1tica no ambiente profissional.<\/p><p data-start=\"1288\" data-end=\"1495\"><strong data-start=\"1288\" data-end=\"1336\">Aplica\u00e7\u00e3o pr\u00e1tica em lideran\u00e7a e comunica\u00e7\u00e3o<\/strong> Mostra como cada colaborador pode adaptar o seu estilo para comunicar\u00a0 com efic\u00e1cia, interagir melhor com clientes e trabalhar em equipa de forma harmoniosa.<\/p><p data-start=\"1497\" data-end=\"1763\">\u00a0<\/p>\t\t\t\t\t\t\t\t<\/div>\n\t\t\t\t<\/div>\n\t\t\t\t<div class=\"elementor-element elementor-element-4f678b5 elementor-widget elementor-widget-button\" data-id=\"4f678b5\" data-element_type=\"widget\" data-e-type=\"widget\" data-widget_type=\"button.default\">\n\t\t\t\t<div class=\"elementor-widget-container\">\n\t\t\t\t\t\t\t\t\t<div class=\"elementor-button-wrapper\">\n\t\t\t\t\t<a class=\"elementor-button elementor-button-link elementor-size-sm\" href=\"#\" target=\"_blank\">\n\t\t\t\t\t\t<span class=\"elementor-button-content-wrapper\">\n\t\t\t\t\t\t\t\t\t<span class=\"elementor-button-text\">Quero fazer o meu Quiz <\/span>\n\t\t\t\t\t<\/span>\n\t\t\t\t\t<\/a>\n\t\t\t\t<\/div>\n\t\t\t\t\t\t\t\t<\/div>\n\t\t\t\t<\/div>\n\t\t\t\t<\/div>\n\t\t\t\t\t<\/div>\n\t\t\t\t<\/div>\n\t\t\t\t<\/div>\n\t\t\t\t\t<\/div>\n\t\t\t\t<\/div>\n\t\t<div class=\"elementor-element elementor-element-0f63999 e-flex e-con-boxed e-con e-parent\" data-id=\"0f63999\" data-element_type=\"container\" data-e-type=\"container\">\n\t\t\t\t\t<div class=\"e-con-inner\">\n\t\t\t\t\t<\/div>\n\t\t\t\t<\/div>\n\t\t\t\t<\/div>\n\t\t","protected":false},"excerpt":{"rendered":"<p>C\u00b4alma Viva Studio Agendar Diagn\u00f3stico Gratuito C\u00b4alma Viva Studio Lideran\u00e7a e presen\u00e7a aut\u00eantica By Isabel Portugal Transformamos a rela\u00e7\u00e3o com a imagem, a presen\u00e7a e a lideran\u00e7a pessoal. Integramos a imagem, a estrat\u00e9gia digital e o cuidado integral do corpo para que cada pessoa possa expressar quem realmente \u00e9, com verdade e confian\u00e7a. Trabalhamos a [&hellip;]<\/p>\n","protected":false},"author":3,"featured_media":0,"parent":0,"menu_order":0,"comment_status":"closed","ping_status":"closed","template":"","meta":{"site-sidebar-layout":"no-sidebar","site-content-layout":"page-builder","ast-site-content-layout":"full-width-container","site-content-style":"default","site-sidebar-style":"default","ast-global-header-display":"","ast-banner-title-visibility":"","ast-main-header-display":"","ast-hfb-above-header-display":"","ast-hfb-below-header-display":"","ast-hfb-mobile-header-display":"","site-post-title":"disabled","ast-breadcrumbs-content":"","ast-featured-img":"disabled","footer-sml-layout":"","ast-disable-related-posts":"","theme-transparent-header-meta":"","adv-header-id-meta":"","stick-header-meta":"","header-above-stick-meta":"","header-main-stick-meta":"","header-below-stick-meta":"","astra-migrate-meta-layouts":"set","ast-page-background-enabled":"default","ast-page-background-meta":{"desktop":{"background-color":"","background-image":"","background-repeat":"repeat","background-position":"center center","background-size":"auto","background-attachment":"scroll","background-type":"","background-media":"","overlay-type":"","overlay-color":"","overlay-opacity":"","overlay-gradient":""},"tablet":{"background-color":"","background-image":"","background-repeat":"repeat","background-position":"center center","background-size":"auto","background-attachment":"scroll","background-type":"","background-media":"","overlay-type":"","overlay-color":"","overlay-opacity":"","overlay-gradient":""},"mobile":{"background-color":"","background-image":"","background-repeat":"repeat","background-position":"center center","background-size":"auto","background-attachment":"scroll","background-type":"","background-media":"","overlay-type":"","overlay-color":"","overlay-opacity":"","overlay-gradient":""}},"ast-content-background-meta":{"desktop":{"background-color":"var(--ast-global-color-5)","background-image":"","background-repeat":"repeat","background-position":"center center","background-size":"auto","background-attachment":"scroll","background-type":"","background-media":"","overlay-type":"","overlay-color":"","overlay-opacity":"","overlay-gradient":""},"tablet":{"background-color":"var(--ast-global-color-5)","background-image":"","background-repeat":"repeat","background-position":"center center","background-size":"auto","background-attachment":"scroll","background-type":"","background-media":"","overlay-type":"","overlay-color":"","overlay-opacity":"","overlay-gradient":""},"mobile":{"background-color":"var(--ast-global-color-5)","background-image":"","background-repeat":"repeat","background-position":"center center","background-size":"auto","background-attachment":"scroll","background-type":"","background-media":"","overlay-type":"","overlay-color":"","overlay-opacity":"","overlay-gradient":""}},"footnotes":""},"class_list":["post-2228","page","type-page","status-publish","hentry"],"yoast_head":"<!-- This site is optimized with the Yoast SEO plugin v27.5 - https:\/\/yoast.com\/product\/yoast-seo-wordpress\/ -->\n<title>pagina teste - 3Solutions Consultoria em Marketing e Gest\u00e3o<\/title>\n<meta name=\"robots\" content=\"index, follow, max-snippet:-1, max-image-preview:large, max-video-preview:-1\" \/>\n<link rel=\"canonical\" href=\"https:\/\/3solutions.pt\/en\/pagina-teste\/\" \/>\n<meta property=\"og:locale\" content=\"en_GB\" \/>\n<meta property=\"og:type\" content=\"article\" \/>\n<meta property=\"og:title\" content=\"pagina teste - 3Solutions Consultoria em Marketing e Gest\u00e3o\" \/>\n<meta property=\"og:description\" content=\"C\u00b4alma Viva Studio Agendar Diagn\u00f3stico Gratuito C\u00b4alma Viva Studio Lideran\u00e7a e presen\u00e7a aut\u00eantica By Isabel Portugal Transformamos a rela\u00e7\u00e3o com a imagem, a presen\u00e7a e a lideran\u00e7a pessoal. Integramos a imagem, a estrat\u00e9gia digital e o cuidado integral do corpo para que cada pessoa possa expressar quem realmente \u00e9, com verdade e confian\u00e7a. Trabalhamos a [&hellip;]\" \/>\n<meta property=\"og:url\" content=\"https:\/\/3solutions.pt\/en\/pagina-teste\/\" \/>\n<meta property=\"og:site_name\" content=\"3Solutions Consultoria em Marketing e Gest\u00e3o\" \/>\n<meta property=\"article:publisher\" content=\"https:\/\/www.facebook.com\/share\/17VAXrDnwy\/\" \/>\n<meta property=\"article:modified_time\" content=\"2025-12-29T18:00:11+00:00\" \/>\n<meta property=\"og:image\" content=\"https:\/\/3solutions.pt\/wp-content\/uploads\/2025\/12\/Imagem-WhatsApp-2025-12-11-as-16.31.27_5ed8a7c6-1.jpg\" \/>\n\t<meta property=\"og:image:width\" content=\"832\" \/>\n\t<meta property=\"og:image:height\" content=\"1144\" \/>\n\t<meta property=\"og:image:type\" content=\"image\/jpeg\" \/>\n<meta name=\"twitter:card\" content=\"summary_large_image\" \/>\n<meta name=\"twitter:label1\" content=\"Estimated reading time\" \/>\n\t<meta name=\"twitter:data1\" content=\"13 minutes\" \/>\n<script type=\"application\/ld+json\" class=\"yoast-schema-graph\">{\"@context\":\"https:\\\/\\\/schema.org\",\"@graph\":[{\"@type\":\"WebPage\",\"@id\":\"https:\\\/\\\/3solutions.pt\\\/pagina-teste\\\/\",\"url\":\"https:\\\/\\\/3solutions.pt\\\/pagina-teste\\\/\",\"name\":\"pagina teste - 3Solutions Consultoria em Marketing e Gest\u00e3o\",\"isPartOf\":{\"@id\":\"https:\\\/\\\/3solutions.pt\\\/#website\"},\"primaryImageOfPage\":{\"@id\":\"https:\\\/\\\/3solutions.pt\\\/pagina-teste\\\/#primaryimage\"},\"image\":{\"@id\":\"https:\\\/\\\/3solutions.pt\\\/pagina-teste\\\/#primaryimage\"},\"thumbnailUrl\":\"https:\\\/\\\/3solutions.pt\\\/wp-content\\\/uploads\\\/2025\\\/12\\\/Imagem-WhatsApp-2025-12-11-as-16.31.27_5ed8a7c6-1.jpg\",\"datePublished\":\"2025-12-11T15:14:47+00:00\",\"dateModified\":\"2025-12-29T18:00:11+00:00\",\"breadcrumb\":{\"@id\":\"https:\\\/\\\/3solutions.pt\\\/pagina-teste\\\/#breadcrumb\"},\"inLanguage\":\"en-GB\",\"potentialAction\":[{\"@type\":\"ReadAction\",\"target\":[\"https:\\\/\\\/3solutions.pt\\\/pagina-teste\\\/\"]}]},{\"@type\":\"ImageObject\",\"inLanguage\":\"en-GB\",\"@id\":\"https:\\\/\\\/3solutions.pt\\\/pagina-teste\\\/#primaryimage\",\"url\":\"https:\\\/\\\/3solutions.pt\\\/wp-content\\\/uploads\\\/2025\\\/12\\\/Imagem-WhatsApp-2025-12-11-as-16.31.27_5ed8a7c6-1.jpg\",\"contentUrl\":\"https:\\\/\\\/3solutions.pt\\\/wp-content\\\/uploads\\\/2025\\\/12\\\/Imagem-WhatsApp-2025-12-11-as-16.31.27_5ed8a7c6-1.jpg\"},{\"@type\":\"BreadcrumbList\",\"@id\":\"https:\\\/\\\/3solutions.pt\\\/pagina-teste\\\/#breadcrumb\",\"itemListElement\":[{\"@type\":\"ListItem\",\"position\":1,\"name\":\"In\u00edcio\",\"item\":\"https:\\\/\\\/3solutions.pt\\\/\"},{\"@type\":\"ListItem\",\"position\":2,\"name\":\"pagina teste\"}]},{\"@type\":\"WebSite\",\"@id\":\"https:\\\/\\\/3solutions.pt\\\/#website\",\"url\":\"https:\\\/\\\/3solutions.pt\\\/\",\"name\":\"3Solutions Consultoria em Marketing e Gest\u00e3o\",\"description\":\"Consultoria e Marketing Digital\",\"publisher\":{\"@id\":\"https:\\\/\\\/3solutions.pt\\\/#organization\"},\"potentialAction\":[{\"@type\":\"SearchAction\",\"target\":{\"@type\":\"EntryPoint\",\"urlTemplate\":\"https:\\\/\\\/3solutions.pt\\\/?s={search_term_string}\"},\"query-input\":{\"@type\":\"PropertyValueSpecification\",\"valueRequired\":true,\"valueName\":\"search_term_string\"}}],\"inLanguage\":\"en-GB\"},{\"@type\":\"Organization\",\"@id\":\"https:\\\/\\\/3solutions.pt\\\/#organization\",\"name\":\"3Solutions Consultoria em Marketing e Gest\u00e3o\",\"url\":\"https:\\\/\\\/3solutions.pt\\\/\",\"logo\":{\"@type\":\"ImageObject\",\"inLanguage\":\"en-GB\",\"@id\":\"https:\\\/\\\/3solutions.pt\\\/#\\\/schema\\\/logo\\\/image\\\/\",\"url\":\"https:\\\/\\\/3solutions.pt\\\/wp-content\\\/uploads\\\/2025\\\/12\\\/cropped-Prancheta-1-copia-6-scaled-1.png\",\"contentUrl\":\"https:\\\/\\\/3solutions.pt\\\/wp-content\\\/uploads\\\/2025\\\/12\\\/cropped-Prancheta-1-copia-6-scaled-1.png\",\"width\":2559,\"height\":855,\"caption\":\"3Solutions Consultoria em Marketing e Gest\u00e3o\"},\"image\":{\"@id\":\"https:\\\/\\\/3solutions.pt\\\/#\\\/schema\\\/logo\\\/image\\\/\"},\"sameAs\":[\"https:\\\/\\\/www.facebook.com\\\/share\\\/17VAXrDnwy\\\/\",\"https:\\\/\\\/www.instagram.com\\\/wespeakretail?igsh=d2Y0a2RzY29nN2Fv\"]}]}<\/script>\n<!-- \/ Yoast SEO plugin. -->","yoast_head_json":{"title":"pagina teste - 3Solutions Consultoria em Marketing e Gest\u00e3o","robots":{"index":"index","follow":"follow","max-snippet":"max-snippet:-1","max-image-preview":"max-image-preview:large","max-video-preview":"max-video-preview:-1"},"canonical":"https:\/\/3solutions.pt\/en\/pagina-teste\/","og_locale":"en_GB","og_type":"article","og_title":"pagina teste - 3Solutions Consultoria em Marketing e Gest\u00e3o","og_description":"C\u00b4alma Viva Studio Agendar Diagn\u00f3stico Gratuito C\u00b4alma Viva Studio Lideran\u00e7a e presen\u00e7a aut\u00eantica By Isabel Portugal Transformamos a rela\u00e7\u00e3o com a imagem, a presen\u00e7a e a lideran\u00e7a pessoal. Integramos a imagem, a estrat\u00e9gia digital e o cuidado integral do corpo para que cada pessoa possa expressar quem realmente \u00e9, com verdade e confian\u00e7a. Trabalhamos a [&hellip;]","og_url":"https:\/\/3solutions.pt\/en\/pagina-teste\/","og_site_name":"3Solutions Consultoria em Marketing e Gest\u00e3o","article_publisher":"https:\/\/www.facebook.com\/share\/17VAXrDnwy\/","article_modified_time":"2025-12-29T18:00:11+00:00","og_image":[{"width":832,"height":1144,"url":"https:\/\/3solutions.pt\/wp-content\/uploads\/2025\/12\/Imagem-WhatsApp-2025-12-11-as-16.31.27_5ed8a7c6-1.jpg","type":"image\/jpeg"}],"twitter_card":"summary_large_image","twitter_misc":{"Estimated reading time":"13 minutes"},"schema":{"@context":"https:\/\/schema.org","@graph":[{"@type":"WebPage","@id":"https:\/\/3solutions.pt\/pagina-teste\/","url":"https:\/\/3solutions.pt\/pagina-teste\/","name":"pagina teste - 3Solutions Consultoria em Marketing e Gest\u00e3o","isPartOf":{"@id":"https:\/\/3solutions.pt\/#website"},"primaryImageOfPage":{"@id":"https:\/\/3solutions.pt\/pagina-teste\/#primaryimage"},"image":{"@id":"https:\/\/3solutions.pt\/pagina-teste\/#primaryimage"},"thumbnailUrl":"https:\/\/3solutions.pt\/wp-content\/uploads\/2025\/12\/Imagem-WhatsApp-2025-12-11-as-16.31.27_5ed8a7c6-1.jpg","datePublished":"2025-12-11T15:14:47+00:00","dateModified":"2025-12-29T18:00:11+00:00","breadcrumb":{"@id":"https:\/\/3solutions.pt\/pagina-teste\/#breadcrumb"},"inLanguage":"en-GB","potentialAction":[{"@type":"ReadAction","target":["https:\/\/3solutions.pt\/pagina-teste\/"]}]},{"@type":"ImageObject","inLanguage":"en-GB","@id":"https:\/\/3solutions.pt\/pagina-teste\/#primaryimage","url":"https:\/\/3solutions.pt\/wp-content\/uploads\/2025\/12\/Imagem-WhatsApp-2025-12-11-as-16.31.27_5ed8a7c6-1.jpg","contentUrl":"https:\/\/3solutions.pt\/wp-content\/uploads\/2025\/12\/Imagem-WhatsApp-2025-12-11-as-16.31.27_5ed8a7c6-1.jpg"},{"@type":"BreadcrumbList","@id":"https:\/\/3solutions.pt\/pagina-teste\/#breadcrumb","itemListElement":[{"@type":"ListItem","position":1,"name":"In\u00edcio","item":"https:\/\/3solutions.pt\/"},{"@type":"ListItem","position":2,"name":"pagina teste"}]},{"@type":"WebSite","@id":"https:\/\/3solutions.pt\/#website","url":"https:\/\/3solutions.pt\/","name":"3Solutions Consultoria em Marketing e Gest\u00e3o","description":"Consultoria e Marketing Digital","publisher":{"@id":"https:\/\/3solutions.pt\/#organization"},"potentialAction":[{"@type":"SearchAction","target":{"@type":"EntryPoint","urlTemplate":"https:\/\/3solutions.pt\/?s={search_term_string}"},"query-input":{"@type":"PropertyValueSpecification","valueRequired":true,"valueName":"search_term_string"}}],"inLanguage":"en-GB"},{"@type":"Organization","@id":"https:\/\/3solutions.pt\/#organization","name":"3Solutions Consultoria em Marketing e Gest\u00e3o","url":"https:\/\/3solutions.pt\/","logo":{"@type":"ImageObject","inLanguage":"en-GB","@id":"https:\/\/3solutions.pt\/#\/schema\/logo\/image\/","url":"https:\/\/3solutions.pt\/wp-content\/uploads\/2025\/12\/cropped-Prancheta-1-copia-6-scaled-1.png","contentUrl":"https:\/\/3solutions.pt\/wp-content\/uploads\/2025\/12\/cropped-Prancheta-1-copia-6-scaled-1.png","width":2559,"height":855,"caption":"3Solutions Consultoria em Marketing e Gest\u00e3o"},"image":{"@id":"https:\/\/3solutions.pt\/#\/schema\/logo\/image\/"},"sameAs":["https:\/\/www.facebook.com\/share\/17VAXrDnwy\/","https:\/\/www.instagram.com\/wespeakretail?igsh=d2Y0a2RzY29nN2Fv"]}]}},"_links":{"self":[{"href":"https:\/\/3solutions.pt\/en\/wp-json\/wp\/v2\/pages\/2228","targetHints":{"allow":["GET"]}}],"collection":[{"href":"https:\/\/3solutions.pt\/en\/wp-json\/wp\/v2\/pages"}],"about":[{"href":"https:\/\/3solutions.pt\/en\/wp-json\/wp\/v2\/types\/page"}],"author":[{"embeddable":true,"href":"https:\/\/3solutions.pt\/en\/wp-json\/wp\/v2\/users\/3"}],"replies":[{"embeddable":true,"href":"https:\/\/3solutions.pt\/en\/wp-json\/wp\/v2\/comments?post=2228"}],"version-history":[{"count":127,"href":"https:\/\/3solutions.pt\/en\/wp-json\/wp\/v2\/pages\/2228\/revisions"}],"predecessor-version":[{"id":3861,"href":"https:\/\/3solutions.pt\/en\/wp-json\/wp\/v2\/pages\/2228\/revisions\/3861"}],"wp:attachment":[{"href":"https:\/\/3solutions.pt\/en\/wp-json\/wp\/v2\/media?parent=2228"}],"curies":[{"name":"wp","href":"https:\/\/api.w.org\/{rel}","templated":true}]}}